{"id":21878,"date":"2020-09-22T10:19:33","date_gmt":"2020-09-22T07:19:33","guid":{"rendered":"https:\/\/sonycenter.md\/?post_type=product&#038;p=21878"},"modified":"2025-08-11T16:49:56","modified_gmt":"2025-08-11T13:49:56","slug":"sel24f18z","status":"publish","type":"product","link":"https:\/\/sonycenter.md\/ro\/magazin\/sel24f18z\/","title":{"rendered":"SEL24F18Z"},"content":{"rendered":"<p><span style=\"color: #000000;\">Specifica\u021bii complete pentru<span style=\"color: #0000ff;\"><a style=\"color: #0000ff;\" href=\"https:\/\/sonycenter.md\/ro\/category\/accesorii-foto-video\/obiective\/obiective-fixe\/\"> obiectivul fix<\/a><\/span> SONY FE 24mm F1.8 ZA :<\/span><\/p>\n<div class=\"spec-tile span4 shuffle-item filtered\">\n<figure><span style=\"color: #000000;\"><img decoding=\"async\" class=\"iq-img\" src=\"https:\/\/www.sony.ro\/image\/ccb2530fcfa31aec3b16a2f51eeb106a?fmt=jpeg&amp;wid=378&amp;qlt=85\" alt=\"Imagine cu F1,8 ZA Sonnar T* E de 24 mm\" data-src-phone-highres=\"\/\/www.sony.ro\/image\/ccb2530fcfa31aec3b16a2f51eeb106a?fmt=jpeg&amp;wid=756\" data-src-desktop=\"\/\/www.sony.ro\/image\/ccb2530fcfa31aec3b16a2f51eeb106a?fmt=jpeg&amp;wid=378\" data-src-tablet-highres=\"\/\/www.sony.ro\/image\/ccb2530fcfa31aec3b16a2f51eeb106a?fmt=jpeg&amp;wid=756\" data-id=\"img_ccb2530fcfa31aec3b16a2f51eeb106a\" data-src-phone=\"\/\/www.sony.ro\/image\/ccb2530fcfa31aec3b16a2f51eeb106a?fmt=jpeg&amp;wid=378\" data-src-tablet=\"\/\/www.sony.ro\/image\/ccb2530fcfa31aec3b16a2f51eeb106a?fmt=jpeg&amp;wid=378\" data-src-desktop-highres=\"\/\/www.sony.ro\/image\/ccb2530fcfa31aec3b16a2f51eeb106a?fmt=jpeg&amp;wid=756\" data-pushed=\"true\" data-current=\"\/\/www.sony.ro\/image\/ccb2530fcfa31aec3b16a2f51eeb106a?fmt=jpeg&amp;wid=378\" data-hasloaded=\"true\" data-fadeonce=\"true\" \/><\/span><\/figure>\n<div class=\"tile-content\">\n<h3 class=\"t6 tile-title\"><span style=\"color: #000000;\">Vitez\u0103 suplimentar\u0103 \u015fi aspect superangular<\/span><\/h3>\n<p class=\"p3\"><span style=\"color: #000000;\">Acest model ZEISS Sonnar\u00ae de 24 mm compact \u015fi u\u015for dispune de o diafragm\u0103 maxim\u0103 F1,8 \u015fi de claritate \u015fi contrast excep\u0163ionale pe \u00eentregul cadru. De asemenea, poate produce un efect \u201ebokeh\u201d incredibil atunci c\u00e2nd este necesar. Acest obiectiv este alegerea excep\u0163ional\u0103 pentru o gam\u0103 larg\u0103 de subiec\u0163i, de la peisaje la fotografii de interior \u00een lumin\u0103 sc\u0103zut\u0103 \u015fi chiar \u015fi prim-planuri 1:4.<\/span><\/p>\n<hr \/>\n<\/div>\n<\/div>\n<div class=\"spec-tile span4 shuffle-item filtered\">\n<figure><span style=\"color: #000000;\"><img decoding=\"async\" class=\"iq-img\" src=\"https:\/\/www.sony.ro\/image\/1e4a29c420f33ea5b619419c2566decd?fmt=jpeg&amp;wid=378&amp;qlt=85\" alt=\"Imagine cu F1,8 ZA Sonnar T* E de 24 mm\" data-src-phone-highres=\"\/\/www.sony.ro\/image\/1e4a29c420f33ea5b619419c2566decd?fmt=jpeg&amp;wid=756\" data-src-desktop=\"\/\/www.sony.ro\/image\/1e4a29c420f33ea5b619419c2566decd?fmt=jpeg&amp;wid=378\" data-src-tablet-highres=\"\/\/www.sony.ro\/image\/1e4a29c420f33ea5b619419c2566decd?fmt=jpeg&amp;wid=756\" data-id=\"img_1e4a29c420f33ea5b619419c2566decd\" data-src-phone=\"\/\/www.sony.ro\/image\/1e4a29c420f33ea5b619419c2566decd?fmt=jpeg&amp;wid=378\" data-src-tablet=\"\/\/www.sony.ro\/image\/1e4a29c420f33ea5b619419c2566decd?fmt=jpeg&amp;wid=378\" data-src-desktop-highres=\"\/\/www.sony.ro\/image\/1e4a29c420f33ea5b619419c2566decd?fmt=jpeg&amp;wid=756\" data-pushed=\"true\" data-current=\"\/\/www.sony.ro\/image\/1e4a29c420f33ea5b619419c2566decd?fmt=jpeg&amp;wid=378\" data-hasloaded=\"true\" data-fadeonce=\"true\" \/><\/span><\/figure>\n<div class=\"tile-content\">\n<h3 class=\"t6 tile-title\"><span style=\"color: #000000;\">Apropia\u0163i-v\u0103 pentru detalii \u015fi impact impresionante<\/span><\/h3>\n<p class=\"p3\"><span style=\"color: #000000;\">Designul optic avansat asigur\u0103 performan\u0163e maxime p\u00e2n\u0103 la distan\u0163e de focalizare macro 1:4, ceea ce face posibil\u0103 fotografierea subiec\u0163ilor mici \u015fi a detaliilor cu claritate impresionant\u0103 \u015fi o perspectiv\u0103 panoramic\u0103. Diafragma maxim\u0103 mare F1,8 a obiectivului este un avantaj \u015fi pentru prim-planuri.<\/span><\/p>\n<hr \/>\n<\/div>\n<\/div>\n<div class=\"spec-tile span4 shuffle-item filtered\">\n<figure><span style=\"color: #000000;\"><img decoding=\"async\" class=\"iq-img\" src=\"https:\/\/www.sony.ro\/image\/f8ff49609a663a2a3de2f8cf4a0eae15?fmt=jpeg&amp;wid=378&amp;qlt=85\" alt=\"Imagine cu F1,8 ZA Sonnar T* E de 24 mm\" data-src-phone-highres=\"\/\/www.sony.ro\/image\/f8ff49609a663a2a3de2f8cf4a0eae15?fmt=jpeg&amp;wid=756\" data-src-desktop=\"\/\/www.sony.ro\/image\/f8ff49609a663a2a3de2f8cf4a0eae15?fmt=jpeg&amp;wid=378\" data-src-tablet-highres=\"\/\/www.sony.ro\/image\/f8ff49609a663a2a3de2f8cf4a0eae15?fmt=jpeg&amp;wid=756\" data-id=\"img_f8ff49609a663a2a3de2f8cf4a0eae15\" data-src-phone=\"\/\/www.sony.ro\/image\/f8ff49609a663a2a3de2f8cf4a0eae15?fmt=jpeg&amp;wid=378\" data-src-tablet=\"\/\/www.sony.ro\/image\/f8ff49609a663a2a3de2f8cf4a0eae15?fmt=jpeg&amp;wid=378\" data-src-desktop-highres=\"\/\/www.sony.ro\/image\/f8ff49609a663a2a3de2f8cf4a0eae15?fmt=jpeg&amp;wid=756\" data-pushed=\"true\" data-current=\"\/\/www.sony.ro\/image\/f8ff49609a663a2a3de2f8cf4a0eae15?fmt=jpeg&amp;wid=378\" data-hasloaded=\"true\" data-fadeonce=\"true\" \/><\/span><\/figure>\n<div class=\"tile-content\">\n<h3 class=\"t6 tile-title\"><span style=\"color: #000000;\">Func\u0163ionare lin\u0103 \u015fi silen\u0163ioas\u0103 pentru filme de calitate<\/span><\/h3>\n<p class=\"p3\"><span style=\"color: #000000;\">Func\u0163ionarea lin\u0103 \u015fi silen\u0163ioas\u0103 este esen\u0163ial\u0103 pentru filmare. Motorul intern de ac\u0163ionare asigur\u0103 func\u0163ionarea lin\u0103, cu zgomot redus a focaliz\u0103rii, ceea ce face din acest obiectiv alegerea perfect\u0103 pentru filme \u015fi fotografii, pentru imagini de impact \u015fi eliminarea zgomotului din coloanele sonore.<\/span><\/p>\n<hr \/>\n<\/div>\n<\/div>\n<div class=\"spec-tile span4 shuffle-item filtered\">\n<figure><span style=\"color: #000000;\"><img decoding=\"async\" class=\"iq-img\" src=\"https:\/\/www.sony.ro\/image\/59e66977060255bd2333e0e82746d403?fmt=jpeg&amp;wid=378&amp;qlt=85\" alt=\"Imagine cu F1,8 ZA Sonnar T* E de 24 mm\" data-src-phone-highres=\"\/\/www.sony.ro\/image\/59e66977060255bd2333e0e82746d403?fmt=jpeg&amp;wid=756\" data-src-desktop=\"\/\/www.sony.ro\/image\/59e66977060255bd2333e0e82746d403?fmt=jpeg&amp;wid=378\" data-src-tablet-highres=\"\/\/www.sony.ro\/image\/59e66977060255bd2333e0e82746d403?fmt=jpeg&amp;wid=756\" data-id=\"img_59e66977060255bd2333e0e82746d403\" data-src-phone=\"\/\/www.sony.ro\/image\/59e66977060255bd2333e0e82746d403?fmt=jpeg&amp;wid=378\" data-src-tablet=\"\/\/www.sony.ro\/image\/59e66977060255bd2333e0e82746d403?fmt=jpeg&amp;wid=378\" data-src-desktop-highres=\"\/\/www.sony.ro\/image\/59e66977060255bd2333e0e82746d403?fmt=jpeg&amp;wid=756\" data-pushed=\"true\" data-current=\"\/\/www.sony.ro\/image\/59e66977060255bd2333e0e82746d403?fmt=jpeg&amp;wid=378\" data-hasloaded=\"true\" data-fadeonce=\"true\" \/><\/span><\/figure>\n<div class=\"tile-content\">\n<h3 class=\"t6 tile-title\"><span style=\"color: #000000;\">Finisaj exterior rafinat<\/span><\/h3>\n<p class=\"p3\"><span style=\"color: #000000;\">Exteriorul negru cu finisaj din aliaj de aluminiu, \u00eei ofer\u0103 obiectivului un aspect care se potrive\u015fte perfect cu distinsul nume ZEISS, \u015fi, desigur, se asorteaz\u0103 perfect cu designul elegant al corpurilor cu montur\u0103 E. Inelul de focalizare gravat ofer\u0103 un aspect sofisticat, o priz\u0103 mai bun\u0103 \u015fi o senza\u0163ie superioar\u0103 \u00een timpul utiliz\u0103rii.<\/span><\/p>\n<hr \/>\n<\/div>\n<\/div>\n<div class=\"spec-tile span4 shuffle-item filtered\">\n<figure><span style=\"color: #000000;\"><img decoding=\"async\" class=\"iq-img\" src=\"https:\/\/www.sony.ro\/image\/34acb021796bd140fa596c1d22b45df7?fmt=jpeg&amp;wid=378&amp;qlt=85\" alt=\"Imagine cu F1,8 ZA Sonnar T* E de 24 mm\" data-src-phone-highres=\"\/\/www.sony.ro\/image\/34acb021796bd140fa596c1d22b45df7?fmt=jpeg&amp;wid=756\" data-src-desktop=\"\/\/www.sony.ro\/image\/34acb021796bd140fa596c1d22b45df7?fmt=jpeg&amp;wid=378\" data-src-tablet-highres=\"\/\/www.sony.ro\/image\/34acb021796bd140fa596c1d22b45df7?fmt=jpeg&amp;wid=756\" data-id=\"img_34acb021796bd140fa596c1d22b45df7\" data-src-phone=\"\/\/www.sony.ro\/image\/34acb021796bd140fa596c1d22b45df7?fmt=jpeg&amp;wid=378\" data-src-tablet=\"\/\/www.sony.ro\/image\/34acb021796bd140fa596c1d22b45df7?fmt=jpeg&amp;wid=378\" data-src-desktop-highres=\"\/\/www.sony.ro\/image\/34acb021796bd140fa596c1d22b45df7?fmt=jpeg&amp;wid=756\" data-pushed=\"true\" data-current=\"\/\/www.sony.ro\/image\/34acb021796bd140fa596c1d22b45df7?fmt=jpeg&amp;wid=378\" data-hasloaded=\"true\" data-fadeonce=\"true\" \/><\/span><\/figure>\n<div class=\"tile-content\">\n<h3 class=\"t6 tile-title\"><span style=\"color: #000000;\">Culori \u015fi contrast de excep\u0163ie<\/span><\/h3>\n<p class=\"p3\"><span style=\"color: #000000;\">Stratul ZEISS T* este un factor important, care contribuie eficient la suprimarea reflexiilor false care pot degrada calitatea de ansamblu a imaginii. Lumina difuz\u0103 \u015fi reflexiile parazite sunt reduse pentru a \u00eembun\u0103t\u0103\u0163i culorile \u015fi contrastul, oferind imaginii un aspect tridimensional intens.<\/span><\/p>\n<\/div>\n<\/div>\n","protected":false},"excerpt":{"rendered":"<ul>\n<li><span style=\"color: #000000;\">SONY FE 24mm F1.8 ZA<\/span><\/li>\n<li><span style=\"color: #000000;\">Baioneta : SONY E-Mount<\/span><\/li>\n<li><span style=\"color: #000000;\">Format : APS-C , crop 1.5<\/span><\/li>\n<li><span style=\"color: #000000;\">Distan\u021b\u0103 focal\u0103 : f=24 mm<\/span><\/li>\n<li><span style=\"color: #000000;\">Valoarea maxim\u0103 a diafragmei : F1.8<\/span><\/li>\n<li><span style=\"color: #000000;\">Valoarea minim\u0103 a diafragmei : F22<\/span><\/li>\n<li><span style=\"color: #000000;\">Lamele diafragmei : 7<\/span><\/li>\n<li><span style=\"color: #000000;\">Stabilizare integrat\u0103 : Nu<\/span><\/li>\n<li><span style=\"color: #000000;\">Distan\u021ba minim\u0103 de focalizare : 0,16 m<\/span><\/li>\n<li><span style=\"color: #000000;\">Diametru filtru : 49 mm<\/span><\/li>\n<li><span style=\"color: #000000;\">Dimensiuni : 63 x 65,5 mm<\/span><\/li>\n<li><span style=\"color: #000000;\">Greutate : 225 g<\/span><\/li>\n<li><span style=\"color: #000000;\">Con\u021binului cutiei : parasolar, capacul din spate \u0219i din fa\u021b\u0103 , hus\u0103<\/span><\/li>\n<li><span style=\"color: #000000;\">Garan\u021bie de firm\u0103 : 2 ani<\/span><\/li>\n<\/ul>\n","protected":false},"featured_media":21825,"comment_status":"open","ping_status":"closed","template":"","meta":[],"product_brand":[],"product_cat":[901],"product_tag":[],"class_list":{"0":"post-21878","1":"product","2":"type-product","3":"status-publish","4":"has-post-thumbnail","6":"product_cat-obiective-fixe","8":"first","9":"outofstock","10":"sale","11":"shipping-taxable","12":"purchasable","13":"product-type-simple"},"yoast_head":"<!-- This site is optimized with the Yoast SEO plugin v27.4 - https:\/\/yoast.com\/product\/yoast-seo-wordpress\/ -->\n<title>SONY FE 24mm F1.8 ZA<\/title>\n<meta name=\"description\" content=\"Cump\u0103r\u0103 obiectivul fix SONY FE 24mm F1.8 ZA cu garan\u021bie de firm\u0103 2 ani \u00een Chi\u0219in\u0103u\" \/>\n<meta name=\"robots\" content=\"index, follow, max-snippet:-1, max-image-preview:large, max-video-preview:-1\" \/>\n<link rel=\"canonical\" href=\"https:\/\/sonycenter.md\/ro\/magazin\/sel24f18z\/\" \/>\n<meta property=\"og:locale\" content=\"ro_RO\" \/>\n<meta property=\"og:type\" content=\"article\" \/>\n<meta property=\"og:title\" content=\"SONY FE 24mm F1.8 ZA\" \/>\n<meta property=\"og:description\" content=\"Cump\u0103r\u0103 obiectivul fix SONY FE 24mm F1.8 ZA cu garan\u021bie de firm\u0103 2 ani \u00een Chi\u0219in\u0103u\" \/>\n<meta property=\"og:url\" content=\"https:\/\/sonycenter.md\/ro\/magazin\/sel24f18z\/\" \/>\n<meta property=\"og:site_name\" content=\"SONY\" \/>\n<meta property=\"article:modified_time\" content=\"2025-08-11T13:49:56+00:00\" \/>\n<meta property=\"og:image\" content=\"https:\/\/sonycenter.md\/wp-content\/uploads\/2020\/09\/sel24f18z.jpg\" \/>\n\t<meta property=\"og:image:width\" content=\"600\" \/>\n\t<meta property=\"og:image:height\" content=\"600\" \/>\n\t<meta property=\"og:image:type\" content=\"image\/jpeg\" \/>\n<meta name=\"twitter:card\" content=\"summary_large_image\" \/>\n<meta name=\"twitter:label1\" content=\"Est. reading time\" \/>\n\t<meta name=\"twitter:data1\" content=\"3 minutes\" \/>\n<script type=\"application\/ld+json\" class=\"yoast-schema-graph\">{\"@context\":\"https:\\\/\\\/schema.org\",\"@graph\":[{\"@type\":[\"WebPage\",\"ItemPage\"],\"@id\":\"https:\\\/\\\/sonycenter.md\\\/ro\\\/magazin\\\/sel24f18z\\\/\",\"url\":\"https:\\\/\\\/sonycenter.md\\\/ro\\\/magazin\\\/sel24f18z\\\/\",\"name\":\"SONY FE 24mm F1.8 ZA\",\"isPartOf\":{\"@id\":\"http:\\\/\\\/sonycenter.md\\\/ro\\\/#website\"},\"primaryImageOfPage\":{\"@id\":\"https:\\\/\\\/sonycenter.md\\\/ro\\\/magazin\\\/sel24f18z\\\/#primaryimage\"},\"image\":{\"@id\":\"https:\\\/\\\/sonycenter.md\\\/ro\\\/magazin\\\/sel24f18z\\\/#primaryimage\"},\"thumbnailUrl\":\"https:\\\/\\\/sonycenter.md\\\/wp-content\\\/uploads\\\/2020\\\/09\\\/sel24f18z.jpg\",\"datePublished\":\"2020-09-22T07:19:33+00:00\",\"dateModified\":\"2025-08-11T13:49:56+00:00\",\"description\":\"Cump\u0103r\u0103 obiectivul fix SONY FE 24mm F1.8 ZA cu garan\u021bie de firm\u0103 2 ani \u00een Chi\u0219in\u0103u\",\"breadcrumb\":{\"@id\":\"https:\\\/\\\/sonycenter.md\\\/ro\\\/magazin\\\/sel24f18z\\\/#breadcrumb\"},\"inLanguage\":\"ro-RO\",\"potentialAction\":[{\"@type\":\"ReadAction\",\"target\":[\"https:\\\/\\\/sonycenter.md\\\/ro\\\/magazin\\\/sel24f18z\\\/\"]}]},{\"@type\":\"ImageObject\",\"inLanguage\":\"ro-RO\",\"@id\":\"https:\\\/\\\/sonycenter.md\\\/ro\\\/magazin\\\/sel24f18z\\\/#primaryimage\",\"url\":\"https:\\\/\\\/sonycenter.md\\\/wp-content\\\/uploads\\\/2020\\\/09\\\/sel24f18z.jpg\",\"contentUrl\":\"https:\\\/\\\/sonycenter.md\\\/wp-content\\\/uploads\\\/2020\\\/09\\\/sel24f18z.jpg\",\"width\":600,\"height\":600,\"caption\":\"SEL24F18Z\"},{\"@type\":\"BreadcrumbList\",\"@id\":\"https:\\\/\\\/sonycenter.md\\\/ro\\\/magazin\\\/sel24f18z\\\/#breadcrumb\",\"itemListElement\":[{\"@type\":\"ListItem\",\"position\":1,\"name\":\"\u0413\u043b\u0430\u0432\u043d\u0430\u044f \u0441\u0442\u0440\u0430\u043d\u0438\u0446\u0430\",\"item\":\"https:\\\/\\\/sonycenter.md\\\/ro\\\/\"},{\"@type\":\"ListItem\",\"position\":2,\"name\":\"Magazin\",\"item\":\"https:\\\/\\\/sonycenter.md\\\/shop\\\/\"},{\"@type\":\"ListItem\",\"position\":3,\"name\":\"SEL24F18Z\"}]},{\"@type\":\"WebSite\",\"@id\":\"http:\\\/\\\/sonycenter.md\\\/ro\\\/#website\",\"url\":\"http:\\\/\\\/sonycenter.md\\\/ro\\\/\",\"name\":\"sonycenter.md\",\"description\":\"SONYCENTER \u00een Chi\u0219in\u0103u\",\"publisher\":{\"@id\":\"http:\\\/\\\/sonycenter.md\\\/ro\\\/#organization\"},\"potentialAction\":[{\"@type\":\"SearchAction\",\"target\":{\"@type\":\"EntryPoint\",\"urlTemplate\":\"http:\\\/\\\/sonycenter.md\\\/ro\\\/?s={search_term_string}\"},\"query-input\":{\"@type\":\"PropertyValueSpecification\",\"valueRequired\":true,\"valueName\":\"search_term_string\"}}],\"inLanguage\":\"ro-RO\"},{\"@type\":\"Organization\",\"@id\":\"http:\\\/\\\/sonycenter.md\\\/ro\\\/#organization\",\"name\":\"sonycenter.md\",\"url\":\"http:\\\/\\\/sonycenter.md\\\/ro\\\/\",\"logo\":{\"@type\":\"ImageObject\",\"inLanguage\":\"ro-RO\",\"@id\":\"http:\\\/\\\/sonycenter.md\\\/ro\\\/#\\\/schema\\\/logo\\\/image\\\/\",\"url\":\"\",\"contentUrl\":\"\",\"caption\":\"sonycenter.md\"},\"image\":{\"@id\":\"http:\\\/\\\/sonycenter.md\\\/ro\\\/#\\\/schema\\\/logo\\\/image\\\/\"}}]}<\/script>\n<!-- \/ Yoast SEO plugin. -->","yoast_head_json":{"title":"SONY FE 24mm F1.8 ZA","description":"Cump\u0103r\u0103 obiectivul fix SONY FE 24mm F1.8 ZA cu garan\u021bie de firm\u0103 2 ani \u00een Chi\u0219in\u0103u","robots":{"index":"index","follow":"follow","max-snippet":"max-snippet:-1","max-image-preview":"max-image-preview:large","max-video-preview":"max-video-preview:-1"},"canonical":"https:\/\/sonycenter.md\/ro\/magazin\/sel24f18z\/","og_locale":"ro_RO","og_type":"article","og_title":"SONY FE 24mm F1.8 ZA","og_description":"Cump\u0103r\u0103 obiectivul fix SONY FE 24mm F1.8 ZA cu garan\u021bie de firm\u0103 2 ani \u00een Chi\u0219in\u0103u","og_url":"https:\/\/sonycenter.md\/ro\/magazin\/sel24f18z\/","og_site_name":"SONY","article_modified_time":"2025-08-11T13:49:56+00:00","og_image":[{"width":600,"height":600,"url":"https:\/\/sonycenter.md\/wp-content\/uploads\/2020\/09\/sel24f18z.jpg","type":"image\/jpeg"}],"twitter_card":"summary_large_image","twitter_misc":{"Est. reading time":"3 minutes"},"schema":{"@context":"https:\/\/schema.org","@graph":[{"@type":["WebPage","ItemPage"],"@id":"https:\/\/sonycenter.md\/ro\/magazin\/sel24f18z\/","url":"https:\/\/sonycenter.md\/ro\/magazin\/sel24f18z\/","name":"SONY FE 24mm F1.8 ZA","isPartOf":{"@id":"https:\/\/sonycenter.md\/ro\/#website"},"primaryImageOfPage":{"@id":"https:\/\/sonycenter.md\/ro\/magazin\/sel24f18z\/#primaryimage"},"image":{"@id":"https:\/\/sonycenter.md\/ro\/magazin\/sel24f18z\/#primaryimage"},"thumbnailUrl":"https:\/\/sonycenter.md\/wp-content\/uploads\/2020\/09\/sel24f18z.jpg","datePublished":"2020-09-22T07:19:33+00:00","dateModified":"2025-08-11T13:49:56+00:00","description":"Cump\u0103r\u0103 obiectivul fix SONY FE 24mm F1.8 ZA cu garan\u021bie de firm\u0103 2 ani \u00een Chi\u0219in\u0103u","breadcrumb":{"@id":"https:\/\/sonycenter.md\/ro\/magazin\/sel24f18z\/#breadcrumb"},"inLanguage":"ro-RO","potentialAction":[{"@type":"ReadAction","target":["https:\/\/sonycenter.md\/ro\/magazin\/sel24f18z\/"]}]},{"@type":"ImageObject","inLanguage":"ro-RO","@id":"https:\/\/sonycenter.md\/ro\/magazin\/sel24f18z\/#primaryimage","url":"https:\/\/sonycenter.md\/wp-content\/uploads\/2020\/09\/sel24f18z.jpg","contentUrl":"https:\/\/sonycenter.md\/wp-content\/uploads\/2020\/09\/sel24f18z.jpg","width":600,"height":600,"caption":"SEL24F18Z"},{"@type":"BreadcrumbList","@id":"https:\/\/sonycenter.md\/ro\/magazin\/sel24f18z\/#breadcrumb","itemListElement":[{"@type":"ListItem","position":1,"name":"\u0413\u043b\u0430\u0432\u043d\u0430\u044f \u0441\u0442\u0440\u0430\u043d\u0438\u0446\u0430","item":"https:\/\/sonycenter.md\/ro\/"},{"@type":"ListItem","position":2,"name":"Magazin","item":"https:\/\/sonycenter.md\/shop\/"},{"@type":"ListItem","position":3,"name":"SEL24F18Z"}]},{"@type":"WebSite","@id":"https:\/\/sonycenter.md\/ro\/#website","url":"https:\/\/sonycenter.md\/ro\/","name":"sonycenter.md","description":"SONYCENTER \u00een Chi\u0219in\u0103u","publisher":{"@id":"https:\/\/sonycenter.md\/ro\/#organization"},"potentialAction":[{"@type":"SearchAction","target":{"@type":"EntryPoint","urlTemplate":"https:\/\/sonycenter.md\/ro\/?s={search_term_string}"},"query-input":{"@type":"PropertyValueSpecification","valueRequired":true,"valueName":"search_term_string"}}],"inLanguage":"ro-RO"},{"@type":"Organization","@id":"https:\/\/sonycenter.md\/ro\/#organization","name":"sonycenter.md","url":"https:\/\/sonycenter.md\/ro\/","logo":{"@type":"ImageObject","inLanguage":"ro-RO","@id":"https:\/\/sonycenter.md\/ro\/#\/schema\/logo\/image\/","url":"","contentUrl":"","caption":"sonycenter.md"},"image":{"@id":"https:\/\/sonycenter.md\/ro\/#\/schema\/logo\/image\/"}}]}},"_links":{"self":[{"href":"https:\/\/sonycenter.md\/ro\/wp-json\/wp\/v2\/product\/21878","targetHints":{"allow":["GET"]}}],"collection":[{"href":"https:\/\/sonycenter.md\/ro\/wp-json\/wp\/v2\/product"}],"about":[{"href":"https:\/\/sonycenter.md\/ro\/wp-json\/wp\/v2\/types\/product"}],"replies":[{"embeddable":true,"href":"https:\/\/sonycenter.md\/ro\/wp-json\/wp\/v2\/comments?post=21878"}],"wp:featuredmedia":[{"embeddable":true,"href":"https:\/\/sonycenter.md\/ro\/wp-json\/wp\/v2\/media\/21825"}],"wp:attachment":[{"href":"https:\/\/sonycenter.md\/ro\/wp-json\/wp\/v2\/media?parent=21878"}],"wp:term":[{"taxonomy":"product_brand","embeddable":true,"href":"https:\/\/sonycenter.md\/ro\/wp-json\/wp\/v2\/product_brand?post=21878"},{"taxonomy":"product_cat","embeddable":true,"href":"https:\/\/sonycenter.md\/ro\/wp-json\/wp\/v2\/product_cat?post=21878"},{"taxonomy":"product_tag","embeddable":true,"href":"https:\/\/sonycenter.md\/ro\/wp-json\/wp\/v2\/product_tag?post=21878"}],"curies":[{"name":"wp","href":"https:\/\/api.w.org\/{rel}","templated":true}]}}