{"id":21880,"date":"2020-09-22T10:27:14","date_gmt":"2020-09-22T07:27:14","guid":{"rendered":"https:\/\/sonycenter.md\/?post_type=product&#038;p=21880"},"modified":"2025-08-11T16:16:15","modified_gmt":"2025-08-11T13:16:15","slug":"sel28f20","status":"publish","type":"product","link":"https:\/\/sonycenter.md\/ro\/magazin\/sel28f20\/","title":{"rendered":"SEL28F20"},"content":{"rendered":"<p><span style=\"color: #000000;\">Specifica\u021bii complete pentru <span style=\"color: #0000ff;\"><a style=\"color: #0000ff;\" href=\"https:\/\/sonycenter.md\/ro\/category\/accesorii-foto-video\/obiective\/obiective-fixe\/\">obiectivul fix<\/a><\/span> SONY FE 28mm F2 :<\/span><\/p>\n<div class=\"spec-tile span4 shuffle-item filtered\">\n<figure><span style=\"color: #000000;\"><img decoding=\"async\" class=\"iq-img\" src=\"https:\/\/www.sony.ro\/image\/c94aa98ccbe71bd9660780ab8196ba00?fmt=jpeg&amp;wid=378&amp;qlt=85\" alt=\"Imagine cu FE de 28 mm F2\" data-src-phone-highres=\"\/\/www.sony.ro\/image\/c94aa98ccbe71bd9660780ab8196ba00?fmt=jpeg&amp;wid=756\" data-src-desktop=\"\/\/www.sony.ro\/image\/c94aa98ccbe71bd9660780ab8196ba00?fmt=jpeg&amp;wid=378\" data-src-tablet-highres=\"\/\/www.sony.ro\/image\/c94aa98ccbe71bd9660780ab8196ba00?fmt=jpeg&amp;wid=756\" data-id=\"img_c94aa98ccbe71bd9660780ab8196ba00\" data-src-phone=\"\/\/www.sony.ro\/image\/c94aa98ccbe71bd9660780ab8196ba00?fmt=jpeg&amp;wid=378\" data-src-tablet=\"\/\/www.sony.ro\/image\/c94aa98ccbe71bd9660780ab8196ba00?fmt=jpeg&amp;wid=378\" data-src-desktop-highres=\"\/\/www.sony.ro\/image\/c94aa98ccbe71bd9660780ab8196ba00?fmt=jpeg&amp;wid=756\" data-pushed=\"true\" data-current=\"\/\/www.sony.ro\/image\/c94aa98ccbe71bd9660780ab8196ba00?fmt=jpeg&amp;wid=378\" data-hasloaded=\"true\" data-fadeonce=\"true\" \/><\/span><\/figure>\n<div class=\"tile-content\">\n<h3 class=\"t6 tile-title\"><span style=\"color: #000000;\">Rezolu\u0163ie \u015fi contrast de obiectiv cu distan\u0163\u0103 focal\u0103 fix\u0103<\/span><\/h3>\n<p class=\"p3\"><span style=\"color: #000000;\">Elementele optice avansate cu distan\u0163\u0103 focal\u0103 fix\u0103 minimizeaz\u0103 erorile de la infinit p\u00e2n\u0103 la cea mai mic\u0103 distan\u0163\u0103 de focalizare, pentru o claritate excelent\u0103 pe \u00eentreaga suprafa\u0163\u0103 a imaginii. Toate suprafe\u0163ele obiectivului au mai multe straturi de protec\u0163ie pentru a reduce petele albe \u015fi reflexiile parazite cauzate de iluminarea din spate pentru a ob\u0163ine imagini de o claritate \u015fi un contrast maxim.<\/span><\/p>\n<hr \/>\n<\/div>\n<\/div>\n<div class=\"spec-tile span4 shuffle-item filtered\">\n<figure><span style=\"color: #000000;\"><img decoding=\"async\" class=\"iq-img\" src=\"https:\/\/www.sony.ro\/image\/9b5329a320c56815d3fc18834e541f35?fmt=jpeg&amp;wid=378&amp;qlt=85\" alt=\"Imagine cu FE de 28 mm F2\" data-src-phone-highres=\"\/\/www.sony.ro\/image\/9b5329a320c56815d3fc18834e541f35?fmt=jpeg&amp;wid=756\" data-src-desktop=\"\/\/www.sony.ro\/image\/9b5329a320c56815d3fc18834e541f35?fmt=jpeg&amp;wid=378\" data-src-tablet-highres=\"\/\/www.sony.ro\/image\/9b5329a320c56815d3fc18834e541f35?fmt=jpeg&amp;wid=756\" data-id=\"img_9b5329a320c56815d3fc18834e541f35\" data-src-phone=\"\/\/www.sony.ro\/image\/9b5329a320c56815d3fc18834e541f35?fmt=jpeg&amp;wid=378\" data-src-tablet=\"\/\/www.sony.ro\/image\/9b5329a320c56815d3fc18834e541f35?fmt=jpeg&amp;wid=378\" data-src-desktop-highres=\"\/\/www.sony.ro\/image\/9b5329a320c56815d3fc18834e541f35?fmt=jpeg&amp;wid=756\" data-pushed=\"true\" data-current=\"\/\/www.sony.ro\/image\/9b5329a320c56815d3fc18834e541f35?fmt=jpeg&amp;wid=378\" data-hasloaded=\"true\" data-fadeonce=\"true\" \/><\/span><\/figure>\n<div class=\"tile-content\">\n<h3 class=\"t6 tile-title\"><span style=\"color: #000000;\">Efect bokeh uniform \u015fi expresiv<\/span><\/h3>\n<p class=\"p3\"><span style=\"color: #000000;\">O diafragm\u0103 circular\u0103 cu 9 lame func\u0163ioneaz\u0103 cu acest obiectiv pentru a produce un efect de fundal bokeh uniform, frumos.<\/span><\/p>\n<hr \/>\n<\/div>\n<\/div>\n<div class=\"spec-tile span4 shuffle-item filtered\">\n<figure><span style=\"color: #000000;\"><img decoding=\"async\" class=\"iq-img\" src=\"https:\/\/www.sony.ro\/image\/1d98d61176f55619784ea20f23d9a48d?fmt=jpeg&amp;wid=378&amp;qlt=85\" alt=\"Imagine cu FE de 28 mm F2\" data-src-phone-highres=\"\/\/www.sony.ro\/image\/1d98d61176f55619784ea20f23d9a48d?fmt=jpeg&amp;wid=756\" data-src-desktop=\"\/\/www.sony.ro\/image\/1d98d61176f55619784ea20f23d9a48d?fmt=jpeg&amp;wid=378\" data-src-tablet-highres=\"\/\/www.sony.ro\/image\/1d98d61176f55619784ea20f23d9a48d?fmt=jpeg&amp;wid=756\" data-id=\"img_1d98d61176f55619784ea20f23d9a48d\" data-src-phone=\"\/\/www.sony.ro\/image\/1d98d61176f55619784ea20f23d9a48d?fmt=jpeg&amp;wid=378\" data-src-tablet=\"\/\/www.sony.ro\/image\/1d98d61176f55619784ea20f23d9a48d?fmt=jpeg&amp;wid=378\" data-src-desktop-highres=\"\/\/www.sony.ro\/image\/1d98d61176f55619784ea20f23d9a48d?fmt=jpeg&amp;wid=756\" data-pushed=\"true\" data-current=\"\/\/www.sony.ro\/image\/1d98d61176f55619784ea20f23d9a48d?fmt=jpeg&amp;wid=378\" data-hasloaded=\"true\" data-fadeonce=\"true\" \/><\/span><\/figure>\n<div class=\"tile-content\">\n<h3 class=\"t6 tile-title\"><span style=\"color: #000000;\">Mic \u015fi u\u015for, pentru fotografierea de zi cu zi<\/span><\/h3>\n<p class=\"p3\"><span style=\"color: #000000;\">Designul compact, u\u015for al acestui obiectiv Full Frame este ideal pentru corpurile compacte din seria \u03b17. La numai 200 grame, este o alegere convenabil\u0103 pentru instantanee \u015fi utilizarea de zi cu zi, iar exteriorul din aliaj de aluminiu \u00eei adaug\u0103 un aspect elegant \u015fi sofisticat.<\/span><\/p>\n<hr \/>\n<\/div>\n<\/div>\n<div class=\"spec-tile span4 shuffle-item filtered\">\n<figure><span style=\"color: #000000;\"><img decoding=\"async\" class=\"iq-img\" src=\"https:\/\/www.sony.ro\/image\/ee52894630f45cf9d5131fb72a21d9f8?fmt=jpeg&amp;wid=378&amp;qlt=85\" alt=\"Imagine cu FE de 28 mm F2\" data-src-phone-highres=\"\/\/www.sony.ro\/image\/ee52894630f45cf9d5131fb72a21d9f8?fmt=jpeg&amp;wid=756\" data-src-desktop=\"\/\/www.sony.ro\/image\/ee52894630f45cf9d5131fb72a21d9f8?fmt=jpeg&amp;wid=378\" data-src-tablet-highres=\"\/\/www.sony.ro\/image\/ee52894630f45cf9d5131fb72a21d9f8?fmt=jpeg&amp;wid=756\" data-id=\"img_ee52894630f45cf9d5131fb72a21d9f8\" data-src-phone=\"\/\/www.sony.ro\/image\/ee52894630f45cf9d5131fb72a21d9f8?fmt=jpeg&amp;wid=378\" data-src-tablet=\"\/\/www.sony.ro\/image\/ee52894630f45cf9d5131fb72a21d9f8?fmt=jpeg&amp;wid=378\" data-src-desktop-highres=\"\/\/www.sony.ro\/image\/ee52894630f45cf9d5131fb72a21d9f8?fmt=jpeg&amp;wid=756\" data-pushed=\"true\" data-current=\"\/\/www.sony.ro\/image\/ee52894630f45cf9d5131fb72a21d9f8?fmt=jpeg&amp;wid=378\" data-hasloaded=\"true\" data-fadeonce=\"true\" \/><\/span><\/figure>\n<div class=\"tile-content\">\n<h3 class=\"t6 tile-title\"><span style=\"color: #000000;\">Explora\u0163i performan\u0163a oferit\u0103 de obiectivele cu distan\u0163\u0103 focal\u0103 fix\u0103<\/span><\/h3>\n<p class=\"p3\"><span style=\"color: #000000;\">Un obiectiv secundar ideal pentru fotografii Full Frame care doresc s\u0103 \u00eencerce o claritate superioar\u0103 \u015fi poten\u0163ialul de expresie al unui obiectiv cu distan\u0163\u0103 focal\u0103 fix\u0103 performant. Un design optic ce include 3 elemente asferice (unul este un element asferic avansat) ale obiectivului \u015fi 2 elemente din sticl\u0103 ED ofer\u0103 o performan\u0163\u0103 optic\u0103 de excep\u0163ie \u015fi o diafragm\u0103 maxim\u0103 F2,0 luminoas\u0103, care faciliteaz\u0103 fotografierea la lumin\u0103 sc\u0103zut\u0103.<\/span><\/p>\n<hr \/>\n<\/div>\n<\/div>\n<div class=\"spec-tile span4 shuffle-item filtered\"><\/div>\n<div class=\"spec-tile span4 shuffle-item filtered\">\n<div class=\"tile-content\">\n<p class=\"p3\">\n<\/div>\n<\/div>\n<div class=\"spec-tile span4 shuffle-item filtered\">\n<figure><span style=\"color: #000000;\"><img decoding=\"async\" class=\"iq-img\" src=\"https:\/\/www.sony.ro\/image\/f871f6eda2ba60c50c5cd5f2583a9cc1?fmt=jpeg&amp;wid=378&amp;qlt=85\" alt=\"Imagine cu FE de 28 mm F2\" data-src-phone-highres=\"\/\/www.sony.ro\/image\/f871f6eda2ba60c50c5cd5f2583a9cc1?fmt=jpeg&amp;wid=756\" data-src-desktop=\"\/\/www.sony.ro\/image\/f871f6eda2ba60c50c5cd5f2583a9cc1?fmt=jpeg&amp;wid=378\" data-src-tablet-highres=\"\/\/www.sony.ro\/image\/f871f6eda2ba60c50c5cd5f2583a9cc1?fmt=jpeg&amp;wid=756\" data-id=\"img_f871f6eda2ba60c50c5cd5f2583a9cc1\" data-src-phone=\"\/\/www.sony.ro\/image\/f871f6eda2ba60c50c5cd5f2583a9cc1?fmt=jpeg&amp;wid=378\" data-src-tablet=\"\/\/www.sony.ro\/image\/f871f6eda2ba60c50c5cd5f2583a9cc1?fmt=jpeg&amp;wid=378\" data-src-desktop-highres=\"\/\/www.sony.ro\/image\/f871f6eda2ba60c50c5cd5f2583a9cc1?fmt=jpeg&amp;wid=756\" data-pushed=\"true\" data-current=\"\/\/www.sony.ro\/image\/f871f6eda2ba60c50c5cd5f2583a9cc1?fmt=jpeg&amp;wid=378\" data-hasloaded=\"true\" data-fadeonce=\"true\" \/><\/span><\/figure>\n<div class=\"tile-content\">\n<h3 class=\"t6 tile-title\"><span style=\"color: #000000;\">Fiabilitate ridicat\u0103 \u00een condi\u0163ii dificile<\/span><\/h3>\n<p class=\"p3\"><span style=\"color: #000000;\">Designul ce rezist\u0103 la p\u0103trunderea prafului \u015fi a umezelii \u00eembun\u0103t\u0103\u0163e\u015fte fiabilitatea \u00een medii dificile, permi\u0163\u00e2ndu-v\u0103 s\u0103 fotografia\u0163i cu \u00eencredere oriunde merge\u0163i.<\/span><\/p>\n<\/div>\n<\/div>\n","protected":false},"excerpt":{"rendered":"<ul>\n<li><span style=\"color: #000000;\">SONY FE 28mm F2<\/span><\/li>\n<li><span style=\"color: #000000;\">Baioneta : SONY E-Mount<\/span><\/li>\n<li><span style=\"color: #000000;\">Format : Full Frame , 35 mm<\/span><\/li>\n<li><span style=\"color: #000000;\">Distan\u021b\u0103 focal\u0103 : f=28 mm<\/span><\/li>\n<li><span style=\"color: #000000;\">Valoarea maxim\u0103 a diafragmei : F2<\/span><\/li>\n<li><span style=\"color: #000000;\">Valoarea minim\u0103 a diafragmei : F22<\/span><\/li>\n<li><span style=\"color: #000000;\">Lamele diafragmei : 9<\/span><\/li>\n<li><span style=\"color: #000000;\">Stabilizare integrat\u0103 : Nu<\/span><\/li>\n<li><span style=\"color: #000000;\">Distan\u021ba minim\u0103 de focalizare : 0,29 m<\/span><\/li>\n<li><span style=\"color: #000000;\">Diametru filtru : 49 mm<\/span><\/li>\n<li><span style=\"color: #000000;\">Dimensiuni : 64 x 60 mm<\/span><\/li>\n<li><span style=\"color: #000000;\">Greutate : 200 g<\/span><\/li>\n<li><span style=\"color: #000000;\">Con\u021binului cutiei : parasolar, capacul din spate \u0219i din fa\u021b\u0103<\/span><\/li>\n<li><span style=\"color: #000000;\">Garan\u021bie de firm\u0103 : 2 ani<\/span><\/li>\n<\/ul>\n","protected":false},"featured_media":21827,"comment_status":"open","ping_status":"closed","template":"","meta":[],"product_brand":[],"product_cat":[901],"product_tag":[],"class_list":{"0":"post-21880","1":"product","2":"type-product","3":"status-publish","4":"has-post-thumbnail","6":"product_cat-obiective-fixe","8":"first","9":"outofstock","10":"sale","11":"shipping-taxable","12":"purchasable","13":"product-type-simple"},"yoast_head":"<!-- This site is optimized with the Yoast SEO plugin v27.4 - https:\/\/yoast.com\/product\/yoast-seo-wordpress\/ -->\n<title>SONY FE 28mm F2 | Obiectivele SONY \u00een Chi\u0219in\u0103u<\/title>\n<meta name=\"description\" content=\"Cump\u0103r\u0103 obiectivul SONY FE 28mm F2 cu garan\u021bie de firm\u0103 2 ani\" \/>\n<meta name=\"robots\" content=\"index, follow, max-snippet:-1, max-image-preview:large, max-video-preview:-1\" \/>\n<link rel=\"canonical\" href=\"https:\/\/sonycenter.md\/ro\/magazin\/sel28f20\/\" \/>\n<meta property=\"og:locale\" content=\"ro_RO\" \/>\n<meta property=\"og:type\" content=\"article\" \/>\n<meta property=\"og:title\" content=\"SONY FE 28mm F2 | Obiectivele SONY \u00een Chi\u0219in\u0103u\" \/>\n<meta property=\"og:description\" content=\"Cump\u0103r\u0103 obiectivul SONY FE 28mm F2 cu garan\u021bie de firm\u0103 2 ani\" \/>\n<meta property=\"og:url\" content=\"https:\/\/sonycenter.md\/ro\/magazin\/sel28f20\/\" \/>\n<meta property=\"og:site_name\" content=\"SONY\" \/>\n<meta property=\"article:modified_time\" content=\"2025-08-11T13:16:15+00:00\" \/>\n<meta property=\"og:image\" content=\"https:\/\/sonycenter.md\/wp-content\/uploads\/2020\/09\/sel28f20.jpg\" \/>\n\t<meta property=\"og:image:width\" content=\"600\" \/>\n\t<meta property=\"og:image:height\" content=\"600\" \/>\n\t<meta property=\"og:image:type\" content=\"image\/jpeg\" \/>\n<meta name=\"twitter:card\" content=\"summary_large_image\" \/>\n<meta name=\"twitter:label1\" content=\"Est. reading time\" \/>\n\t<meta name=\"twitter:data1\" content=\"3 minutes\" \/>\n<script type=\"application\/ld+json\" class=\"yoast-schema-graph\">{\"@context\":\"https:\\\/\\\/schema.org\",\"@graph\":[{\"@type\":[\"WebPage\",\"ItemPage\"],\"@id\":\"https:\\\/\\\/sonycenter.md\\\/ro\\\/magazin\\\/sel28f20\\\/\",\"url\":\"https:\\\/\\\/sonycenter.md\\\/ro\\\/magazin\\\/sel28f20\\\/\",\"name\":\"SONY FE 28mm F2 | Obiectivele SONY \u00een Chi\u0219in\u0103u\",\"isPartOf\":{\"@id\":\"http:\\\/\\\/sonycenter.md\\\/ro\\\/#website\"},\"primaryImageOfPage\":{\"@id\":\"https:\\\/\\\/sonycenter.md\\\/ro\\\/magazin\\\/sel28f20\\\/#primaryimage\"},\"image\":{\"@id\":\"https:\\\/\\\/sonycenter.md\\\/ro\\\/magazin\\\/sel28f20\\\/#primaryimage\"},\"thumbnailUrl\":\"https:\\\/\\\/sonycenter.md\\\/wp-content\\\/uploads\\\/2020\\\/09\\\/sel28f20.jpg\",\"datePublished\":\"2020-09-22T07:27:14+00:00\",\"dateModified\":\"2025-08-11T13:16:15+00:00\",\"description\":\"Cump\u0103r\u0103 obiectivul SONY FE 28mm F2 cu garan\u021bie de firm\u0103 2 ani\",\"breadcrumb\":{\"@id\":\"https:\\\/\\\/sonycenter.md\\\/ro\\\/magazin\\\/sel28f20\\\/#breadcrumb\"},\"inLanguage\":\"ro-RO\",\"potentialAction\":[{\"@type\":\"ReadAction\",\"target\":[\"https:\\\/\\\/sonycenter.md\\\/ro\\\/magazin\\\/sel28f20\\\/\"]}]},{\"@type\":\"ImageObject\",\"inLanguage\":\"ro-RO\",\"@id\":\"https:\\\/\\\/sonycenter.md\\\/ro\\\/magazin\\\/sel28f20\\\/#primaryimage\",\"url\":\"https:\\\/\\\/sonycenter.md\\\/wp-content\\\/uploads\\\/2020\\\/09\\\/sel28f20.jpg\",\"contentUrl\":\"https:\\\/\\\/sonycenter.md\\\/wp-content\\\/uploads\\\/2020\\\/09\\\/sel28f20.jpg\",\"width\":600,\"height\":600,\"caption\":\"SEL28F20\"},{\"@type\":\"BreadcrumbList\",\"@id\":\"https:\\\/\\\/sonycenter.md\\\/ro\\\/magazin\\\/sel28f20\\\/#breadcrumb\",\"itemListElement\":[{\"@type\":\"ListItem\",\"position\":1,\"name\":\"\u0413\u043b\u0430\u0432\u043d\u0430\u044f \u0441\u0442\u0440\u0430\u043d\u0438\u0446\u0430\",\"item\":\"https:\\\/\\\/sonycenter.md\\\/ro\\\/\"},{\"@type\":\"ListItem\",\"position\":2,\"name\":\"Magazin\",\"item\":\"https:\\\/\\\/sonycenter.md\\\/shop\\\/\"},{\"@type\":\"ListItem\",\"position\":3,\"name\":\"SEL28F20\"}]},{\"@type\":\"WebSite\",\"@id\":\"http:\\\/\\\/sonycenter.md\\\/ro\\\/#website\",\"url\":\"http:\\\/\\\/sonycenter.md\\\/ro\\\/\",\"name\":\"sonycenter.md\",\"description\":\"SONYCENTER \u00een Chi\u0219in\u0103u\",\"publisher\":{\"@id\":\"http:\\\/\\\/sonycenter.md\\\/ro\\\/#organization\"},\"potentialAction\":[{\"@type\":\"SearchAction\",\"target\":{\"@type\":\"EntryPoint\",\"urlTemplate\":\"http:\\\/\\\/sonycenter.md\\\/ro\\\/?s={search_term_string}\"},\"query-input\":{\"@type\":\"PropertyValueSpecification\",\"valueRequired\":true,\"valueName\":\"search_term_string\"}}],\"inLanguage\":\"ro-RO\"},{\"@type\":\"Organization\",\"@id\":\"http:\\\/\\\/sonycenter.md\\\/ro\\\/#organization\",\"name\":\"sonycenter.md\",\"url\":\"http:\\\/\\\/sonycenter.md\\\/ro\\\/\",\"logo\":{\"@type\":\"ImageObject\",\"inLanguage\":\"ro-RO\",\"@id\":\"http:\\\/\\\/sonycenter.md\\\/ro\\\/#\\\/schema\\\/logo\\\/image\\\/\",\"url\":\"\",\"contentUrl\":\"\",\"caption\":\"sonycenter.md\"},\"image\":{\"@id\":\"http:\\\/\\\/sonycenter.md\\\/ro\\\/#\\\/schema\\\/logo\\\/image\\\/\"}}]}<\/script>\n<!-- \/ Yoast SEO plugin. -->","yoast_head_json":{"title":"SONY FE 28mm F2 | Obiectivele SONY \u00een Chi\u0219in\u0103u","description":"Cump\u0103r\u0103 obiectivul SONY FE 28mm F2 cu garan\u021bie de firm\u0103 2 ani","robots":{"index":"index","follow":"follow","max-snippet":"max-snippet:-1","max-image-preview":"max-image-preview:large","max-video-preview":"max-video-preview:-1"},"canonical":"https:\/\/sonycenter.md\/ro\/magazin\/sel28f20\/","og_locale":"ro_RO","og_type":"article","og_title":"SONY FE 28mm F2 | Obiectivele SONY \u00een Chi\u0219in\u0103u","og_description":"Cump\u0103r\u0103 obiectivul SONY FE 28mm F2 cu garan\u021bie de firm\u0103 2 ani","og_url":"https:\/\/sonycenter.md\/ro\/magazin\/sel28f20\/","og_site_name":"SONY","article_modified_time":"2025-08-11T13:16:15+00:00","og_image":[{"width":600,"height":600,"url":"https:\/\/sonycenter.md\/wp-content\/uploads\/2020\/09\/sel28f20.jpg","type":"image\/jpeg"}],"twitter_card":"summary_large_image","twitter_misc":{"Est. reading time":"3 minutes"},"schema":{"@context":"https:\/\/schema.org","@graph":[{"@type":["WebPage","ItemPage"],"@id":"https:\/\/sonycenter.md\/ro\/magazin\/sel28f20\/","url":"https:\/\/sonycenter.md\/ro\/magazin\/sel28f20\/","name":"SONY FE 28mm F2 | Obiectivele SONY \u00een Chi\u0219in\u0103u","isPartOf":{"@id":"https:\/\/sonycenter.md\/ro\/#website"},"primaryImageOfPage":{"@id":"https:\/\/sonycenter.md\/ro\/magazin\/sel28f20\/#primaryimage"},"image":{"@id":"https:\/\/sonycenter.md\/ro\/magazin\/sel28f20\/#primaryimage"},"thumbnailUrl":"https:\/\/sonycenter.md\/wp-content\/uploads\/2020\/09\/sel28f20.jpg","datePublished":"2020-09-22T07:27:14+00:00","dateModified":"2025-08-11T13:16:15+00:00","description":"Cump\u0103r\u0103 obiectivul SONY FE 28mm F2 cu garan\u021bie de firm\u0103 2 ani","breadcrumb":{"@id":"https:\/\/sonycenter.md\/ro\/magazin\/sel28f20\/#breadcrumb"},"inLanguage":"ro-RO","potentialAction":[{"@type":"ReadAction","target":["https:\/\/sonycenter.md\/ro\/magazin\/sel28f20\/"]}]},{"@type":"ImageObject","inLanguage":"ro-RO","@id":"https:\/\/sonycenter.md\/ro\/magazin\/sel28f20\/#primaryimage","url":"https:\/\/sonycenter.md\/wp-content\/uploads\/2020\/09\/sel28f20.jpg","contentUrl":"https:\/\/sonycenter.md\/wp-content\/uploads\/2020\/09\/sel28f20.jpg","width":600,"height":600,"caption":"SEL28F20"},{"@type":"BreadcrumbList","@id":"https:\/\/sonycenter.md\/ro\/magazin\/sel28f20\/#breadcrumb","itemListElement":[{"@type":"ListItem","position":1,"name":"\u0413\u043b\u0430\u0432\u043d\u0430\u044f \u0441\u0442\u0440\u0430\u043d\u0438\u0446\u0430","item":"https:\/\/sonycenter.md\/ro\/"},{"@type":"ListItem","position":2,"name":"Magazin","item":"https:\/\/sonycenter.md\/shop\/"},{"@type":"ListItem","position":3,"name":"SEL28F20"}]},{"@type":"WebSite","@id":"https:\/\/sonycenter.md\/ro\/#website","url":"https:\/\/sonycenter.md\/ro\/","name":"sonycenter.md","description":"SONYCENTER \u00een Chi\u0219in\u0103u","publisher":{"@id":"https:\/\/sonycenter.md\/ro\/#organization"},"potentialAction":[{"@type":"SearchAction","target":{"@type":"EntryPoint","urlTemplate":"https:\/\/sonycenter.md\/ro\/?s={search_term_string}"},"query-input":{"@type":"PropertyValueSpecification","valueRequired":true,"valueName":"search_term_string"}}],"inLanguage":"ro-RO"},{"@type":"Organization","@id":"https:\/\/sonycenter.md\/ro\/#organization","name":"sonycenter.md","url":"https:\/\/sonycenter.md\/ro\/","logo":{"@type":"ImageObject","inLanguage":"ro-RO","@id":"https:\/\/sonycenter.md\/ro\/#\/schema\/logo\/image\/","url":"","contentUrl":"","caption":"sonycenter.md"},"image":{"@id":"https:\/\/sonycenter.md\/ro\/#\/schema\/logo\/image\/"}}]}},"_links":{"self":[{"href":"https:\/\/sonycenter.md\/ro\/wp-json\/wp\/v2\/product\/21880","targetHints":{"allow":["GET"]}}],"collection":[{"href":"https:\/\/sonycenter.md\/ro\/wp-json\/wp\/v2\/product"}],"about":[{"href":"https:\/\/sonycenter.md\/ro\/wp-json\/wp\/v2\/types\/product"}],"replies":[{"embeddable":true,"href":"https:\/\/sonycenter.md\/ro\/wp-json\/wp\/v2\/comments?post=21880"}],"wp:featuredmedia":[{"embeddable":true,"href":"https:\/\/sonycenter.md\/ro\/wp-json\/wp\/v2\/media\/21827"}],"wp:attachment":[{"href":"https:\/\/sonycenter.md\/ro\/wp-json\/wp\/v2\/media?parent=21880"}],"wp:term":[{"taxonomy":"product_brand","embeddable":true,"href":"https:\/\/sonycenter.md\/ro\/wp-json\/wp\/v2\/product_brand?post=21880"},{"taxonomy":"product_cat","embeddable":true,"href":"https:\/\/sonycenter.md\/ro\/wp-json\/wp\/v2\/product_cat?post=21880"},{"taxonomy":"product_tag","embeddable":true,"href":"https:\/\/sonycenter.md\/ro\/wp-json\/wp\/v2\/product_tag?post=21880"}],"curies":[{"name":"wp","href":"https:\/\/api.w.org\/{rel}","templated":true}]}}