{"id":21888,"date":"2020-09-22T10:41:33","date_gmt":"2020-09-22T07:41:33","guid":{"rendered":"https:\/\/sonycenter.md\/?post_type=product&#038;p=21888"},"modified":"2025-11-27T12:59:47","modified_gmt":"2025-11-27T10:59:47","slug":"sel35f28z","status":"publish","type":"product","link":"https:\/\/sonycenter.md\/ro\/magazin\/sel35f28z\/","title":{"rendered":"SEL35F28Z"},"content":{"rendered":"<p><span style=\"color: #000000;\">Specifica\u021bii complete pentru <span style=\"color: #0000ff;\"><a style=\"color: #0000ff;\" href=\"https:\/\/sonycenter.md\/ro\/category\/accesorii-foto-video\/obiective\/obiective-fixe\/\">obiectivul fix<\/a><\/span> SONY FE 35mm F2.8 ZA :<\/span><\/p>\n<div class=\"spec-tile span4 shuffle-item filtered\">\n<figure><\/figure>\n<div class=\"tile-content\">\n<h3 class=\"t6 tile-title\"><span style=\"color: #000000;\">Performan\u0163\u0103 perfect\u0103 pentru seria \u03b17<\/span><\/h3>\n<p class=\"p3\"><span style=\"color: #000000;\">Manevrabilitatea \u015fi comoditatea oferite de acest obiectiv compact de 35 mm sunt accentuate de un mecanism intern de focalizare ce \u00ee\u015fi p\u0103streaz\u0103 lungimea constant\u0103 \u00een timpul focaliz\u0103rii. Designul u\u015for \u00eembun\u0103t\u0103\u0163e\u015fte \u015fi mai mult portabilitatea \u015fi manevrabilitatea. Toate acestea, \u00eempreun\u0103 cu rezolu\u0163ia \u015fi contrastul ZEISS fac ca acesta s\u0103 fie obiectivul ideal pentru corpuri Full Frame din seria \u03b17.<\/span><\/p>\n<hr \/>\n<\/div>\n<\/div>\n<div class=\"spec-tile span4 shuffle-item filtered\">\n<figure><\/figure>\n<div class=\"tile-content\">\n<h3 class=\"t6 tile-title\"><span style=\"color: #000000;\">Rezolu\u0163ie ZEISS pe \u00eentreaga suprafa\u0163\u0103 a imaginii<\/span><\/h3>\n<p class=\"p3\"><span style=\"color: #000000;\">Rezolu\u0163ia \u015fi contrastul de excep\u0163ie sunt func\u0163iile cheie ale acestui obiectiv. Cele trei elemente asferice duble controleaz\u0103 \u00een mod eficient abera\u0163ia sferic\u0103, \u00een timp ce aplicarea extins\u0103 a stratului protector ZEISS T* nu numai c\u0103 reduce petele albe \u015fi reflexiile parazite pentru reproducerea natural\u0103 a culorilor, ci este esen\u0163ial pentru ob\u0163inerea unui contrast impresionant.<\/span><\/p>\n<hr \/>\n<\/div>\n<\/div>\n<div class=\"spec-tile span4 shuffle-item filtered\">\n<figure><\/figure>\n<div class=\"tile-content\">\n<h3 class=\"t6 tile-title\"><span style=\"color: #000000;\">Efect bokeh superb \u015fi performan\u0163\u0103 la lumin\u0103 sc\u0103zut\u0103<\/span><\/h3>\n<p class=\"p3\"><span style=\"color: #000000;\">O diafragm\u0103 maxim\u0103 de F2,8 faciliteaz\u0103 fotografierea \u00eentr-o gam\u0103 larg\u0103 de condi\u0163ii de iluminare, cu o calitate constant\u0103 a imaginii la toate deschiderile diafragmei. Obiectivele luminoase sunt adesea mari, dar un nou design al grupului de obiective de focalizare permite o diafragm\u0103 maxim\u0103 mare \u00eentr-un obiectiv compact. Designul circular al diafragmei contribuie la un splendid efect bokeh, pentru fundaluri defocalizate uniform.<\/span><\/p>\n<hr \/>\n<\/div>\n<\/div>\n<div class=\"spec-tile span4 shuffle-item filtered\">\n<figure><\/figure>\n<div class=\"tile-content\">\n<h3 class=\"t6 tile-title\"><span style=\"color: #000000;\">Fotografia\u0163i cu \u00eencredere oriunde<\/span><\/h3>\n<p class=\"p3\"><span style=\"color: #000000;\">Unele dintre cele mai interesante imagini sunt capturate \u00een medii dificile. Datorit\u0103 designului rezistent la praf \u015fi umezeal\u0103, obiectivul va ob\u0163ine performan\u0163e bune \u00een condi\u0163ii moderate de praf \u015fi umezeal\u0103, astfel \u00eenc\u00e2t s\u0103 pute\u0163i fotografia cu \u00eencredere oriunde ve\u0163i g\u0103si aceste superbe cadre.<\/span><\/p>\n<hr \/>\n<\/div>\n<\/div>\n<div class=\"spec-tile span4 shuffle-item filtered\">\n<figure><\/figure>\n<div class=\"tile-content\">\n<h3 class=\"t6 tile-title\"><span style=\"color: #000000;\">Culori \u015fi contrast de excep\u0163ie<\/span><\/h3>\n<p class=\"p3\"><span style=\"color: #000000;\">Stratul ZEISS T* este un factor important, care contribuie eficient la suprimarea reflexiilor false care pot degrada calitatea de ansamblu a imaginii. Lumina difuz\u0103 \u015fi reflexiile parazite sunt reduse pentru a \u00eembun\u0103t\u0103\u0163i culorile \u015fi contrastul, oferind imaginii un aspect tridimensional intens.<\/span><\/p>\n<hr \/>\n<\/div>\n<\/div>\n<div class=\"spec-tile span4 shuffle-item filtered\">\n<figure><\/figure>\n<div class=\"tile-content\">\n<h3 class=\"t6 tile-title\"><span style=\"color: #000000;\">Diafragm\u0103 circular\u0103 cu 7-lamele<\/span><\/h3>\n<p class=\"p3\"><span style=\"color: #000000;\">Cu diafragma circular\u0103 cu 7 lame este posibil\u0103 defocalizarea mai lin\u0103 \u015fi mai natural\u0103 a imaginilor. Folosi\u0163i creativ estomparea artistic\u0103 sau efectul \u201ebokeh\u201d \u015fi controlul mai bun asupra ad\u00e2ncimii c\u00e2mpului.<\/span><\/p>\n<\/div>\n<\/div>\n","protected":false},"excerpt":{"rendered":"<ul>\n<li><span style=\"color: #000000;\">SONY FE 35mm F2.8 ZA<\/span><\/li>\n<li><span style=\"color: #000000;\">Baioneta : SONY E-Mount<\/span><\/li>\n<li><span style=\"color: #000000;\">Format : Full Frame , 35 mm<\/span><\/li>\n<li><span style=\"color: #000000;\">Distan\u021b\u0103 focal\u0103 : f=35 mm<\/span><\/li>\n<li><span style=\"color: #000000;\">Valoarea maxim\u0103 a diafragmei : F2.8<\/span><\/li>\n<li><span style=\"color: #000000;\">Valoarea minim\u0103 a diafragmei : F22<\/span><\/li>\n<li><span style=\"color: #000000;\">Lamele diafragmei : 7<\/span><\/li>\n<li><span style=\"color: #000000;\">Stabilizare integrat\u0103 : Nu<\/span><\/li>\n<li><span style=\"color: #000000;\">Distan\u021ba minim\u0103 de focalizare : 0,35 m<\/span><\/li>\n<li><span style=\"color: #000000;\">Diametru filtru : 49 mm<\/span><\/li>\n<li><span style=\"color: #000000;\">Dimensiuni : \u00a061,5 x 36,5 mm<\/span><\/li>\n<li><span style=\"color: #000000;\">Greutate : 120 g<\/span><\/li>\n<li><span style=\"color: #000000;\">Con\u021binului cutiei : parasolar, capacul din spate \u0219i din fa\u021b\u0103<\/span><\/li>\n<li><span style=\"color: #000000;\">Garan\u021bie de firm\u0103 : 2 ani<\/span><\/li>\n<\/ul>\n","protected":false},"featured_media":21831,"comment_status":"open","ping_status":"closed","template":"","meta":[],"product_brand":[],"product_cat":[901],"product_tag":[],"class_list":{"0":"post-21888","1":"product","2":"type-product","3":"status-publish","4":"has-post-thumbnail","6":"product_cat-obiective-fixe","8":"first","9":"outofstock","10":"sale","11":"shipping-taxable","12":"purchasable","13":"product-type-simple"},"yoast_head":"<!-- This site is optimized with the Yoast SEO plugin v27.4 - https:\/\/yoast.com\/product\/yoast-seo-wordpress\/ -->\n<title>SONY FE 35mm F2.8 ZA<\/title>\n<meta name=\"description\" content=\"Obiectivul fix SONY FE 35mm F2.8 ZA cu garan\u021bie oficial\u0103 2 ani \u00een Moldova\" \/>\n<meta name=\"robots\" content=\"index, follow, max-snippet:-1, max-image-preview:large, max-video-preview:-1\" \/>\n<link rel=\"canonical\" href=\"https:\/\/sonycenter.md\/ro\/magazin\/sel35f28z\/\" \/>\n<meta property=\"og:locale\" content=\"ro_RO\" \/>\n<meta property=\"og:type\" content=\"article\" \/>\n<meta property=\"og:title\" content=\"SONY FE 35mm F2.8 ZA\" \/>\n<meta property=\"og:description\" content=\"Obiectivul fix SONY FE 35mm F2.8 ZA cu garan\u021bie oficial\u0103 2 ani \u00een Moldova\" \/>\n<meta property=\"og:url\" content=\"https:\/\/sonycenter.md\/ro\/magazin\/sel35f28z\/\" \/>\n<meta property=\"og:site_name\" content=\"SONY\" \/>\n<meta property=\"article:modified_time\" content=\"2025-11-27T10:59:47+00:00\" \/>\n<meta property=\"og:image\" content=\"https:\/\/sonycenter.md\/wp-content\/uploads\/2020\/09\/sel35f28z.jpg\" \/>\n\t<meta property=\"og:image:width\" content=\"600\" \/>\n\t<meta property=\"og:image:height\" content=\"600\" \/>\n\t<meta property=\"og:image:type\" content=\"image\/jpeg\" \/>\n<meta name=\"twitter:card\" content=\"summary_large_image\" \/>\n<meta name=\"twitter:label1\" content=\"Est. reading time\" \/>\n\t<meta name=\"twitter:data1\" content=\"3 minutes\" \/>\n<script type=\"application\/ld+json\" class=\"yoast-schema-graph\">{\"@context\":\"https:\\\/\\\/schema.org\",\"@graph\":[{\"@type\":[\"WebPage\",\"ItemPage\"],\"@id\":\"https:\\\/\\\/sonycenter.md\\\/ro\\\/magazin\\\/sel35f28z\\\/\",\"url\":\"https:\\\/\\\/sonycenter.md\\\/ro\\\/magazin\\\/sel35f28z\\\/\",\"name\":\"SONY FE 35mm F2.8 ZA\",\"isPartOf\":{\"@id\":\"http:\\\/\\\/sonycenter.md\\\/ro\\\/#website\"},\"primaryImageOfPage\":{\"@id\":\"https:\\\/\\\/sonycenter.md\\\/ro\\\/magazin\\\/sel35f28z\\\/#primaryimage\"},\"image\":{\"@id\":\"https:\\\/\\\/sonycenter.md\\\/ro\\\/magazin\\\/sel35f28z\\\/#primaryimage\"},\"thumbnailUrl\":\"https:\\\/\\\/sonycenter.md\\\/wp-content\\\/uploads\\\/2020\\\/09\\\/sel35f28z.jpg\",\"datePublished\":\"2020-09-22T07:41:33+00:00\",\"dateModified\":\"2025-11-27T10:59:47+00:00\",\"description\":\"Obiectivul fix SONY FE 35mm F2.8 ZA cu garan\u021bie oficial\u0103 2 ani \u00een Moldova\",\"breadcrumb\":{\"@id\":\"https:\\\/\\\/sonycenter.md\\\/ro\\\/magazin\\\/sel35f28z\\\/#breadcrumb\"},\"inLanguage\":\"ro-RO\",\"potentialAction\":[{\"@type\":\"ReadAction\",\"target\":[\"https:\\\/\\\/sonycenter.md\\\/ro\\\/magazin\\\/sel35f28z\\\/\"]}]},{\"@type\":\"ImageObject\",\"inLanguage\":\"ro-RO\",\"@id\":\"https:\\\/\\\/sonycenter.md\\\/ro\\\/magazin\\\/sel35f28z\\\/#primaryimage\",\"url\":\"https:\\\/\\\/sonycenter.md\\\/wp-content\\\/uploads\\\/2020\\\/09\\\/sel35f28z.jpg\",\"contentUrl\":\"https:\\\/\\\/sonycenter.md\\\/wp-content\\\/uploads\\\/2020\\\/09\\\/sel35f28z.jpg\",\"width\":600,\"height\":600,\"caption\":\"SEL35F28Z\"},{\"@type\":\"BreadcrumbList\",\"@id\":\"https:\\\/\\\/sonycenter.md\\\/ro\\\/magazin\\\/sel35f28z\\\/#breadcrumb\",\"itemListElement\":[{\"@type\":\"ListItem\",\"position\":1,\"name\":\"\u0413\u043b\u0430\u0432\u043d\u0430\u044f \u0441\u0442\u0440\u0430\u043d\u0438\u0446\u0430\",\"item\":\"https:\\\/\\\/sonycenter.md\\\/ro\\\/\"},{\"@type\":\"ListItem\",\"position\":2,\"name\":\"Magazin\",\"item\":\"https:\\\/\\\/sonycenter.md\\\/shop\\\/\"},{\"@type\":\"ListItem\",\"position\":3,\"name\":\"SEL35F28Z\"}]},{\"@type\":\"WebSite\",\"@id\":\"http:\\\/\\\/sonycenter.md\\\/ro\\\/#website\",\"url\":\"http:\\\/\\\/sonycenter.md\\\/ro\\\/\",\"name\":\"sonycenter.md\",\"description\":\"SONYCENTER \u00een Chi\u0219in\u0103u\",\"publisher\":{\"@id\":\"http:\\\/\\\/sonycenter.md\\\/ro\\\/#organization\"},\"potentialAction\":[{\"@type\":\"SearchAction\",\"target\":{\"@type\":\"EntryPoint\",\"urlTemplate\":\"http:\\\/\\\/sonycenter.md\\\/ro\\\/?s={search_term_string}\"},\"query-input\":{\"@type\":\"PropertyValueSpecification\",\"valueRequired\":true,\"valueName\":\"search_term_string\"}}],\"inLanguage\":\"ro-RO\"},{\"@type\":\"Organization\",\"@id\":\"http:\\\/\\\/sonycenter.md\\\/ro\\\/#organization\",\"name\":\"sonycenter.md\",\"url\":\"http:\\\/\\\/sonycenter.md\\\/ro\\\/\",\"logo\":{\"@type\":\"ImageObject\",\"inLanguage\":\"ro-RO\",\"@id\":\"http:\\\/\\\/sonycenter.md\\\/ro\\\/#\\\/schema\\\/logo\\\/image\\\/\",\"url\":\"\",\"contentUrl\":\"\",\"caption\":\"sonycenter.md\"},\"image\":{\"@id\":\"http:\\\/\\\/sonycenter.md\\\/ro\\\/#\\\/schema\\\/logo\\\/image\\\/\"}}]}<\/script>\n<!-- \/ Yoast SEO plugin. -->","yoast_head_json":{"title":"SONY FE 35mm F2.8 ZA","description":"Obiectivul fix SONY FE 35mm F2.8 ZA cu garan\u021bie oficial\u0103 2 ani \u00een Moldova","robots":{"index":"index","follow":"follow","max-snippet":"max-snippet:-1","max-image-preview":"max-image-preview:large","max-video-preview":"max-video-preview:-1"},"canonical":"https:\/\/sonycenter.md\/ro\/magazin\/sel35f28z\/","og_locale":"ro_RO","og_type":"article","og_title":"SONY FE 35mm F2.8 ZA","og_description":"Obiectivul fix SONY FE 35mm F2.8 ZA cu garan\u021bie oficial\u0103 2 ani \u00een Moldova","og_url":"https:\/\/sonycenter.md\/ro\/magazin\/sel35f28z\/","og_site_name":"SONY","article_modified_time":"2025-11-27T10:59:47+00:00","og_image":[{"width":600,"height":600,"url":"https:\/\/sonycenter.md\/wp-content\/uploads\/2020\/09\/sel35f28z.jpg","type":"image\/jpeg"}],"twitter_card":"summary_large_image","twitter_misc":{"Est. reading time":"3 minutes"},"schema":{"@context":"https:\/\/schema.org","@graph":[{"@type":["WebPage","ItemPage"],"@id":"https:\/\/sonycenter.md\/ro\/magazin\/sel35f28z\/","url":"https:\/\/sonycenter.md\/ro\/magazin\/sel35f28z\/","name":"SONY FE 35mm F2.8 ZA","isPartOf":{"@id":"https:\/\/sonycenter.md\/ro\/#website"},"primaryImageOfPage":{"@id":"https:\/\/sonycenter.md\/ro\/magazin\/sel35f28z\/#primaryimage"},"image":{"@id":"https:\/\/sonycenter.md\/ro\/magazin\/sel35f28z\/#primaryimage"},"thumbnailUrl":"https:\/\/sonycenter.md\/wp-content\/uploads\/2020\/09\/sel35f28z.jpg","datePublished":"2020-09-22T07:41:33+00:00","dateModified":"2025-11-27T10:59:47+00:00","description":"Obiectivul fix SONY FE 35mm F2.8 ZA cu garan\u021bie oficial\u0103 2 ani \u00een Moldova","breadcrumb":{"@id":"https:\/\/sonycenter.md\/ro\/magazin\/sel35f28z\/#breadcrumb"},"inLanguage":"ro-RO","potentialAction":[{"@type":"ReadAction","target":["https:\/\/sonycenter.md\/ro\/magazin\/sel35f28z\/"]}]},{"@type":"ImageObject","inLanguage":"ro-RO","@id":"https:\/\/sonycenter.md\/ro\/magazin\/sel35f28z\/#primaryimage","url":"https:\/\/sonycenter.md\/wp-content\/uploads\/2020\/09\/sel35f28z.jpg","contentUrl":"https:\/\/sonycenter.md\/wp-content\/uploads\/2020\/09\/sel35f28z.jpg","width":600,"height":600,"caption":"SEL35F28Z"},{"@type":"BreadcrumbList","@id":"https:\/\/sonycenter.md\/ro\/magazin\/sel35f28z\/#breadcrumb","itemListElement":[{"@type":"ListItem","position":1,"name":"\u0413\u043b\u0430\u0432\u043d\u0430\u044f \u0441\u0442\u0440\u0430\u043d\u0438\u0446\u0430","item":"https:\/\/sonycenter.md\/ro\/"},{"@type":"ListItem","position":2,"name":"Magazin","item":"https:\/\/sonycenter.md\/shop\/"},{"@type":"ListItem","position":3,"name":"SEL35F28Z"}]},{"@type":"WebSite","@id":"https:\/\/sonycenter.md\/ro\/#website","url":"https:\/\/sonycenter.md\/ro\/","name":"sonycenter.md","description":"SONYCENTER \u00een Chi\u0219in\u0103u","publisher":{"@id":"https:\/\/sonycenter.md\/ro\/#organization"},"potentialAction":[{"@type":"SearchAction","target":{"@type":"EntryPoint","urlTemplate":"https:\/\/sonycenter.md\/ro\/?s={search_term_string}"},"query-input":{"@type":"PropertyValueSpecification","valueRequired":true,"valueName":"search_term_string"}}],"inLanguage":"ro-RO"},{"@type":"Organization","@id":"https:\/\/sonycenter.md\/ro\/#organization","name":"sonycenter.md","url":"https:\/\/sonycenter.md\/ro\/","logo":{"@type":"ImageObject","inLanguage":"ro-RO","@id":"https:\/\/sonycenter.md\/ro\/#\/schema\/logo\/image\/","url":"","contentUrl":"","caption":"sonycenter.md"},"image":{"@id":"https:\/\/sonycenter.md\/ro\/#\/schema\/logo\/image\/"}}]}},"_links":{"self":[{"href":"https:\/\/sonycenter.md\/ro\/wp-json\/wp\/v2\/product\/21888","targetHints":{"allow":["GET"]}}],"collection":[{"href":"https:\/\/sonycenter.md\/ro\/wp-json\/wp\/v2\/product"}],"about":[{"href":"https:\/\/sonycenter.md\/ro\/wp-json\/wp\/v2\/types\/product"}],"replies":[{"embeddable":true,"href":"https:\/\/sonycenter.md\/ro\/wp-json\/wp\/v2\/comments?post=21888"}],"wp:featuredmedia":[{"embeddable":true,"href":"https:\/\/sonycenter.md\/ro\/wp-json\/wp\/v2\/media\/21831"}],"wp:attachment":[{"href":"https:\/\/sonycenter.md\/ro\/wp-json\/wp\/v2\/media?parent=21888"}],"wp:term":[{"taxonomy":"product_brand","embeddable":true,"href":"https:\/\/sonycenter.md\/ro\/wp-json\/wp\/v2\/product_brand?post=21888"},{"taxonomy":"product_cat","embeddable":true,"href":"https:\/\/sonycenter.md\/ro\/wp-json\/wp\/v2\/product_cat?post=21888"},{"taxonomy":"product_tag","embeddable":true,"href":"https:\/\/sonycenter.md\/ro\/wp-json\/wp\/v2\/product_tag?post=21888"}],"curies":[{"name":"wp","href":"https:\/\/api.w.org\/{rel}","templated":true}]}}