{"id":21905,"date":"2020-09-22T11:54:09","date_gmt":"2020-09-22T08:54:09","guid":{"rendered":"https:\/\/sonycenter.md\/?post_type=product&#038;p=21905"},"modified":"2025-10-04T10:53:45","modified_gmt":"2025-10-04T07:53:45","slug":"sel1224gm","status":"publish","type":"product","link":"https:\/\/sonycenter.md\/ro\/magazin\/sel1224gm\/","title":{"rendered":"SEL1224GM"},"content":{"rendered":"<p><span style=\"color: #000000;\">Specifica\u021bii suplimentare pentru <a style=\"color: #000000;\" href=\"https:\/\/sonycenter.md\/ro\/category\/accesorii-foto-video\/obiective\/obiective-zoom\/\">obiectiv zoom<\/a> SONY SEL1224GM :<\/span><\/p>\n<p><span style=\"color: #000000;\"><img decoding=\"async\" src=\"https:\/\/sony.scene7.com\/is\/image\/sonyglobalsolutions\/01_ec-1?$smallStaticImage$\" alt=\"\u0417\u0443\u043c-\u043e\u0431\u044a\u0435\u043a\u0442\u0438\u0432 12\u201324\u00a0\u043c\u043c \u0441 \u043f\u043e\u0441\u0442\u043e\u044f\u043d\u043d\u043e\u0439 \u0434\u0438\u0430\u0444\u0440\u0430\u0433\u043c\u043e\u0439 F2.8 \u0438 \u0441\u0430\u043c\u044b\u043c \u0448\u0438\u0440\u043e\u043a\u0438\u043c \u0443\u0433\u043b\u043e\u043c \u043e\u0431\u0437\u043e\u0440\u0430\" \/><\/span><\/p>\n<h3 class=\"PdpSmallStaticImage__Title\"><span style=\"color: #000000;\">Obiectiv de 12-24 mm cu zoom ultralarg la F2,8<\/span><\/h3>\n<p><span style=\"color: #000000;\">Unghiul ultralarg de 12 mm al acest obiectiv versatil face posibile\u00a0eviden\u021bierea distan\u021bei \u0219i crearea de perspective dinamice dincolo de percep\u021bia ochiului uman. Zoomul de 12\u201324 mm, cu o diafragm\u0103 maxim\u0103 constant\u0103 de F2.8 este ideal pentru scene nocturne, cer \u00eenstelat \u0219i alte scene cu lumin\u0103 difuz\u0103 la sensibilitate redus\u0103, f\u0103r\u0103 a fi nevoie s\u0103 folosi\u021bi viteze extrem de sc\u0103zute ale obturatorului.<\/span><\/p>\n<hr \/>\n<p><span style=\"color: #000000;\"><img decoding=\"async\" src=\"https:\/\/sony.scene7.com\/is\/image\/sonyglobalsolutions\/02_ec-1?$smallStaticImage$\" alt=\"\u041d\u043e\u0432\u0430\u044f \u043e\u043f\u0442\u0438\u043a\u0430 \u0441 \u0441\u0430\u043c\u044b\u043c \u043a\u0440\u0443\u043f\u043d\u044b\u043c \u044d\u043b\u0435\u043c\u0435\u043d\u0442\u043e\u043c \u0442\u0438\u043f\u0430 XA\" \/><\/span><\/p>\n<h3 class=\"PdpSmallStaticImage__Title\"><span style=\"color: #000000;\">Nou sistem optic cu cel mai mare element XA<\/span><\/h3>\n<p><span style=\"color: #000000;\">Trei elemente XA (asferice extreme), inclusiv cel mai mare creat p\u00e2n\u0103 acum pentru obiective \u03b1, se combin\u0103 cu un element asferic \u00eentr-un design optic inovator care ofer\u0103 rezolu\u021bie G Master uimitoare pe \u00eentreaga imagine.<\/span><\/p>\n<hr \/>\n<p><span style=\"color: #000000;\"><img decoding=\"async\" src=\"https:\/\/sony.scene7.com\/is\/image\/sonyglobalsolutions\/03_ec-1?$smallStaticImage$\" alt=\"\u041c\u0438\u043d\u0438\u043c\u0430\u043b\u044c\u043d\u044b\u0435 \u0430\u0431\u0435\u0440\u0440\u0430\u0446\u0438\u0438 \u043f\u043e\u0437\u0432\u043e\u043b\u044f\u044e\u0442 \u0443\u0432\u0435\u043b\u0438\u0447\u0438\u0442\u044c \u0447\u0435\u0442\u043a\u043e\u0441\u0442\u044c\" \/><\/span><\/p>\n<h3 class=\"PdpSmallStaticImage__Title\"><span style=\"color: #000000;\">Un nivel minim de abera\u021bie \u00eembun\u0103t\u0103\u021be\u0219te claritatea<\/span><\/h3>\n<p><span style=\"color: #000000;\">Dou\u0103 elemente Super ED (dispersie extrem de sc\u0103zut\u0103) \u0219i trei elemente ED din sticl\u0103 elimin\u0103 abera\u021bia cromatic\u0103 care poate degrada rezolu\u021bia \u00een acest tip de obiectiv cu diafragm\u0103 de dimensiuni mari, ceea ce asigur\u0103 c\u0103 nu se produce efectul de apari\u021bie a petelor de culoare \u00een zona imaginii, permi\u021b\u00e2nd men\u021binerea unei clarit\u0103\u021bi maxime pe \u00eentreaga imagine.<\/span><\/p>\n<hr \/>\n<p><span style=\"color: #000000;\"><img decoding=\"async\" src=\"https:\/\/sony.scene7.com\/is\/image\/sonyglobalsolutions\/04_ec-1?$smallStaticImage$\" alt=\"\u0423\u0434\u0438\u0432\u0438\u0442\u0435\u043b\u044c\u043d\u043e \u043d\u0435\u0431\u043e\u043b\u044c\u0448\u043e\u0439 \u0438 \u043b\u0435\u0433\u043a\u0438\u0439\" \/><\/span><\/p>\n<h3 class=\"PdpSmallStaticImage__Title\"><span style=\"color: #000000;\">Surprinz\u0103tor de mic \u0219i de u\u0219or<\/span><\/h3>\n<p><span style=\"color: #000000;\">Un design inovator al sistemului optic cu patru elemente asferice (trei XA), plus design al sistemului mecanic cu motor liniar XD de \u00eenalt\u0103 performan\u021b\u0103, \u00eentr-un dispozitiv compact de 12-24 mm cu zoom constant la F2,8 \u0219i o greutate de doar 847 de grame. Ideal pentru peisaje, scene nocturne \u0219i arhitectur\u0103, acest obiectiv ofer\u0103 mobilitate suplimentar\u0103 pentru fotografi activi de sport care fotografiaz\u0103 \u00een unghiuri ultralargi.<\/span><\/p>\n<hr \/>\n<p><span style=\"color: #000000;\"><img decoding=\"async\" src=\"https:\/\/sony.scene7.com\/is\/image\/sonyglobalsolutions\/05_ec-1?$smallStaticImage$\" alt=\"\u041d\u0430 \u0438\u0437\u043e\u0431\u0440\u0430\u0436\u0435\u043d\u0438\u0438 \u043f\u043e\u043a\u0430\u0437\u0430\u043d\u0430 \u0441\u0442\u0440\u0443\u043a\u0442\u0443\u0440\u0430 \u043f\u043e\u043a\u0440\u044b\u0442\u0438\u044f Nano AR\u00a0II\" \/><\/span><\/p>\n<h3 class=\"PdpSmallStaticImage__Title\"><span style=\"color: #000000;\">Imagini clare \u00een condi\u021bii dificile de iluminare<\/span><\/h3>\n<p><span style=\"color: #000000;\">A fost dezvoltat un nou strat de acoperire Nano AR II care poate fi aplicat pe elementele mari ale obiectivului sau pe suprafe\u021bele elementelor foarte curbate, pentru a elimina reflexiile interne care pot cauza apari\u021bia petelor albe \u0219i a reflexiilor parazite, astfel ca imaginile s\u0103 r\u0103m\u00e2n\u0103 clare \u0219i bine definite. \u00cen ciuda unghiului de vizualizare larg al obiectivului, stratul de acoperire Nano AR II men\u021bine claritate \u0219i contrast ridicate \u00een \u00eentreaga imagine, chiar \u0219i \u00een condi\u021bii dificile de iluminare.\u00a0([A] Strat de acoperire conven\u021bional [B] Strat de acoperire Nano AR II [1] Strat de acoperire conven\u021bional [2] Strat de acoperire Nano AR II [3] Sticl\u0103 [4] Suprafa\u021b\u0103 de sticl\u0103 foarte curbat\u0103 [5] Lumin\u0103 reflectat\u0103)<\/span><\/p>\n<hr \/>\n<p><span style=\"color: #000000;\"><img decoding=\"async\" src=\"https:\/\/sony.scene7.com\/is\/image\/sonyglobalsolutions\/06_ec-1?$smallStaticImage$\" alt=\"\u0427\u0440\u0435\u0437\u0432\u044b\u0447\u0430\u0439\u043d\u043e \u0432\u044b\u0441\u043e\u043a\u0430\u044f \u0442\u043e\u0447\u043d\u043e\u0441\u0442\u044c \u043e\u0431\u0440\u0430\u0431\u043e\u0442\u043a\u0438 \u043f\u043e\u0432\u0435\u0440\u0445\u043d\u043e\u0441\u0442\u0435\u0439 \u044d\u043b\u0435\u043c\u0435\u043d\u0442\u043e\u0432 \u0442\u0438\u043f\u0430 XA \u043e\u0431\u044a\u0435\u043a\u0442\u0438\u0432\u0430 \u043f\u043e\u0437\u0432\u043e\u043b\u044f\u0435\u0442 \u044d\u0444\u0444\u0435\u043a\u0442\u0438\u0432\u043d\u043e \u043f\u043e\u0434\u0430\u0432\u043b\u044f\u0442\u044c \u0431\u043e\u043a\u0435 \u0432 \u0432\u0438\u0434\u0435 \u043b\u0443\u043a\u043e\u0432\u044b\u0445 \u043a\u043e\u043b\u0435\u0446. \u0422\u043e\u0447\u043d\u0430\u044f \u043f\u043e\u0434\u0441\u0442\u0440\u043e\u0439\u043a\u0430 \u0445\u0430\u0440\u0430\u043a\u0442\u0435\u0440\u0438\u0441\u0442\u0438\u043a \u0441\u0444\u0435\u0440\u0438\u0447\u0435\u0441\u043a\u043e\u0439 \u0430\u0431\u0435\u0440\u0440\u0430\u0446\u0438\u0438 \u043f\u0440\u0438 \u0440\u0430\u0437\u0440\u0430\u0431\u043e\u0442\u043a\u0435 \u0438 \u043f\u0440\u043e\u0438\u0437\u0432\u043e\u0434\u0441\u0442\u0432\u0435 \u044d\u0442\u0438\u0445 \u044d\u043b\u0435\u043c\u0435\u043d\u0442\u043e\u0432 \u0438 \u0434\u0435\u0432\u044f\u0442\u0438\u043b\u0435\u043f\u0435\u0441\u0442\u043a\u043e\u0432\u0430\u044f \u043a\u0440\u0443\u0433\u043b\u0430\u044f \u0434\u0438\u0430\u0444\u0440\u0430\u0433\u043c\u0430 \u043f\u043e\u0437\u0432\u043e\u043b\u044f\u044e\u0442 \u043f\u043e\u043b\u0443\u0447\u0430\u0442\u044c \u0438\u0437\u044b\u0441\u043a\u0430\u043d\u043d\u043e \u043c\u044f\u0433\u043a\u043e\u0435 \u00ab\u043c\u0430\u0441\u043b\u044f\u043d\u043e\u0435\u00bb \u0431\u043e\u043a\u0435 G\u00a0Master.  \u041f\u043e\u0434\u0440\u043e\u0431\u043d\u0435\u0435\" \/><\/span><\/p>\n<h3 class=\"PdpSmallStaticImage__Title\"><span style=\"color: #000000;\">Efect bokeh superb, cu G Master<\/span><\/h3>\n<p><span style=\"color: #000000;\">Precizia extrem de ridicat\u0103 pe suprafa\u021b\u0103 a elementelor XA ale obiectivului elimin\u0103 eficient efectul bokeh circular, iar reglarea fin\u0103 a caracteristicilor de abera\u021bie sferic\u0103 \u00een timpul proceselor de proiectare \u0219i de fabrica\u021bie, plus diafragma circular\u0103 cu 9 lamele contribuie la un efect bokeh extrem de uniform \u0219i de omogen, de calitate G Master.<\/span><\/p>\n<hr \/>\n<p><span style=\"color: #000000;\"><img decoding=\"async\" src=\"https:\/\/sony.scene7.com\/is\/image\/sonyglobalsolutions\/08_ec-1?$smallStaticImage$\" alt=\"\u041f\u044b\u043b\u0435\u0432\u043b\u0430\u0433\u043e\u0437\u0430\u0449\u0438\u0449\u0435\u043d\u043d\u0430\u044f \u043a\u043e\u043d\u0441\u0442\u0440\u0443\u043a\u0446\u0438\u044f\" \/><\/span><\/p>\n<h3 class=\"PdpSmallStaticImage__Title\"><span style=\"color: #000000;\">Design rezistent la praf \u015fi la umezeal\u0103<\/span><\/h3>\n<p><span style=\"color: #000000;\">Designul rezistent la praf \u0219i umezeal\u0103 asigur\u0103 fiabilitatea necesar\u0103 pentru utilizarea \u00een exterior, \u00een condi\u021bii dure.<\/span><\/p>\n<hr \/>\n<p><span style=\"color: #000000;\"><img decoding=\"async\" src=\"https:\/\/sony.scene7.com\/is\/image\/sonyglobalsolutions\/07_ec-1?$smallStaticImage$\" alt=\"\u041f\u043e\u0441\u0442\u043e\u044f\u043d\u043d\u0430\u044f \u043c\u0430\u043a\u0441\u0438\u043c\u0430\u043b\u044c\u043d\u0430\u044f \u0434\u0438\u0430\u0444\u0440\u0430\u0433\u043c\u0430 f\/2,8, \u0434\u0430\u044e\u0449\u0430\u044f \u0433\u0438\u0431\u043a\u0438\u0435 \u0432\u043e\u0437\u043c\u043e\u0436\u043d\u043e\u0441\u0442\u0438 \u043f\u0440\u0438 \u0441\u044a\u0435\u043c\u043a\u0435 \u0444\u0438\u043b\u044c\u043c\u043e\u0432\" \/><\/span><\/p>\n<h3 class=\"PdpSmallStaticImage__Title\"><span style=\"color: #000000;\">Diafragm\u0103 maxim\u0103 constant\u0103 de F2,8 pentru flexibilitate la filmare<\/span><\/h3>\n<p><span style=\"color: #000000;\">Cu o diafragm\u0103 maxim\u0103 constant\u0103, de F2.8 la toate distan\u021bele focale, diafragma nu se va modifica \u00een intervalul de zoom, astfel \u00eenc\u00e2t expunerea, timpul de expunere \u0219i sensibilitatea ISO r\u0103m\u00e2n constante c\u00e2nd \u00eenregistra\u021bi filme. C\u00e2nd este utilizat cu un corp APS-C sau cu un unghi de vizualizare Super 35, lungimea focal\u0103 cu unghi larg a intervalului de zoom devine echivalentul a 18 mm pe un corp full-frame, oferind un interval de zoom extrem de util pentru \u00eenregistrare video.<\/span><\/p>\n<hr \/>\n<p><span style=\"color: #000000;\"><img decoding=\"async\" src=\"https:\/\/sony.scene7.com\/is\/image\/sonyglobalsolutions\/09_ec-1?$smallStaticImage$\" alt=\"\u041c\u0435\u0445\u0430\u043d\u0438\u0437\u043c \u043f\u043b\u0430\u0432\u0430\u044e\u0449\u0435\u0439 \u0444\u043e\u043a\u0443\u0441\u0438\u0440\u043e\u0432\u043a\u0438 \u043f\u043e\u0437\u0432\u043e\u043b\u044f\u0435\u0442 \u0434\u043e\u0431\u0438\u0442\u044c\u0441\u044f \u043f\u0440\u0435\u0432\u043e\u0441\u0445\u043e\u0434\u043d\u043e\u0433\u043e \u0440\u0430\u0437\u0440\u0435\u0448\u0435\u043d\u0438\u044f \u043d\u0430 \u043b\u044e\u0431\u044b\u0445 \u0440\u0430\u0441\u0441\u0442\u043e\u044f\u043d\u0438\u044f\u0445\u00a0\u2014 \u043e\u0442 \u0431\u0435\u0441\u043a\u043e\u043d\u0435\u0447\u043d\u043e\u0441\u0442\u0438 \u0434\u043e \u043a\u0440\u0443\u043f\u043d\u043e\u0433\u043e \u043f\u043b\u0430\u043d\u0430\" \/><\/span><\/p>\n<h3 class=\"PdpSmallStaticImage__Title\"><span style=\"color: #000000;\">Mecanismul mobil atinge o rezolu\u021bie excelent\u0103, de la infinit la focalizarea de prim plan<\/span><\/h3>\n<p><span style=\"color: #000000;\">Un mecanism de focalizare flotant separ\u0103 grupul de focalizare al obiectivului \u00een dou\u0103 grupuri care pot fi controlate independent, oferind o modalitate extrem de eficient\u0103 de a minimiza abera\u021biile care variaz\u0103 \u00een func\u021bie de distan\u021ba de focalizare. Performan\u021ba de top este asigurat\u0103 pentru focalizare de la infinit la prim-plan, \u00een \u00eentregul interval de zoom. Mecanismul flotant contribuie la performan\u021ba extraordinar\u0103 la prim-plan, dar \u0219i la claritatea de neegalat \u00een cazul subiec\u021bilor, indiferent de distan\u021b\u0103.<\/span><\/p>\n<hr \/>\n<p><span style=\"color: #000000;\"><img decoding=\"async\" src=\"https:\/\/sony.scene7.com\/is\/image\/sonyglobalsolutions\/11_ec-1?$smallStaticImage$\" alt=\"\u0424\u0442\u043e\u0440\u0438\u0441\u0442\u043e\u0435 \u043f\u043e\u043a\u0440\u044b\u0442\u0438\u0435 \u0444\u0440\u043e\u043d\u0442\u0430\u043b\u044c\u043d\u043e\u0433\u043e \u044d\u043b\u0435\u043c\u0435\u043d\u0442\u0430\" \/><\/span><\/p>\n<h3 class=\"PdpSmallStaticImage__Title\"><span style=\"color: #000000;\">Strat de fluorin\u0103 pe elementul frontal<\/span><\/h3>\n<p><span style=\"color: #000000;\">Elementul de obiectiv frontal este acoperit cu un strat de fluorin\u0103 care respinge apa, uleiul \u0219i al\u021bi contaminan\u021bi, facilit\u00e2nd totodat\u0103 \u0219tergerea oric\u0103ror contaminan\u021bi sau amprente care se fixeaz\u0103 pe suprafa\u021ba obiectivului.<\/span><\/p>\n<hr \/>\n<p><span style=\"color: #000000;\"><img decoding=\"async\" src=\"https:\/\/sony.scene7.com\/is\/image\/sonyglobalsolutions\/10_ec-1?$smallStaticImage$\" alt=\"\u0415\u0441\u0442\u0435\u0441\u0442\u0432\u0435\u043d\u043d\u044b\u0439, \u043b\u0438\u043d\u0435\u0439\u043d\u044b\u0439 \u043e\u0442\u043a\u043b\u0438\u043a \u043f\u0440\u0438 \u0440\u0443\u0447\u043d\u043e\u0439 \u0444\u043e\u043a\u0443\u0441\u0438\u0440\u043e\u0432\u043a\u0435\" \/><\/span><\/p>\n<h3 class=\"PdpSmallStaticImage__Title\"><span style=\"color: #000000;\">R\u0103spuns natural, liniar, pentru focalizarea manual\u0103<\/span><\/h3>\n<p><span style=\"color: #000000;\">Cu focalizarea manual\u0103 cu r\u0103spuns liniar, inelul de focalizare r\u0103spunde direct \u0219i liniar la controlul subtil atunci c\u00e2nd se focalizeaz\u0103 manual. Rotirea inelului de focalizare se traduce direct printr-o schimbare corespunz\u0103toare a focaliz\u0103rii, astfel \u00eenc\u00e2t controlul se simte imediat \u0219i este precis.<\/span><\/p>\n<hr \/>\n<p><span style=\"color: #000000;\"><img decoding=\"async\" src=\"https:\/\/sony.scene7.com\/is\/image\/sonyglobalsolutions\/12_ec-1?$smallStaticImage$\" alt=\"\u0411\u044b\u0441\u0442\u0440\u043e\u0442\u0430 \u0438 \u0442\u043e\u0447\u043d\u043e\u0441\u0442\u044c \u0430\u0432\u0442\u043e\u0444\u043e\u043a\u0443\u0441\u0438\u0440\u043e\u0432\u043a\u0438 \u0438 \u043e\u0442\u0441\u043b\u0435\u0436\u0438\u0432\u0430\u043d\u0438\u044f\" \/><\/span><\/p>\n<h3 class=\"PdpSmallStaticImage__Title\"><span style=\"color: #000000;\">Focalizare automat\u0103 \u0219i urm\u0103rire rapide \u0219i precise<\/span><\/h3>\n<p><span style=\"color: #000000;\">Patru motoare liniare XD \u00een total, c\u00e2te dou\u0103 pentru fiecare grup de focalizare al obiectivului, contribuie la focalizare automat\u0103 \u0219i urm\u0103rire rapide \u0219i precise, care amplific\u0103 numeroasele avantaje oferite de obiectivele native Sony. Acest sistem avansat fructific\u0103 \u00eentregul poten\u021bial de vitez\u0103 oferit de aparatele foto de \u00eenalt\u0103 performan\u021b\u0103, ceea ce simplific\u0103 imortalizarea momentelor semnificative din cele mai dinamice sporturi sau alte tipuri de ac\u021biuni. De asemenea, operarea FA este silen\u021bioas\u0103, cu vibra\u021bii minime.<\/span><\/p>\n<hr \/>\n<p><span style=\"color: #000000;\"><img decoding=\"async\" src=\"https:\/\/sony.scene7.com\/is\/image\/sonyglobalsolutions\/14_ec-1?$smallStaticImage$\" alt=\"\u0417\u0430\u0434\u043d\u0438\u0439 \u0434\u0435\u0440\u0436\u0430\u0442\u0435\u043b\u044c \u0434\u043b\u044f \u0444\u0438\u043b\u044c\u0442\u0440\u043e\u0432\" \/><\/span><\/p>\n<h3 class=\"PdpSmallStaticImage__Title\"><span style=\"color: #000000;\">Suport de filtru posterior<\/span><\/h3>\n<p><span style=\"color: #000000;\">Filtrul ND standard sub form\u0103 de folie,\u00a0filtrul de corec\u021bie a culorii \u0219i alte filtre pot fi utilizate \u00een suportul posterior de filtru de pe obiectiv, pentru expresivitate extins\u0103. Este furnizat un \u0219ablon pentru decuparea filtrelor.<\/span><\/p>\n<hr \/>\n<p><span style=\"color: #000000;\"><img decoding=\"async\" src=\"https:\/\/sony.scene7.com\/is\/image\/sonyglobalsolutions\/13_ec-1?$smallStaticImage$\" alt=\"\u041f\u0440\u043e\u0441\u0442\u043e\u0435 \u043f\u0435\u0440\u0435\u043a\u043b\u044e\u0447\u0435\u043d\u0438\u0435 \u043c\u0435\u0436\u0434\u0443 \u0440\u0443\u0447\u043d\u043e\u0439 \u0438 \u0430\u0432\u0442\u043e\u0444\u043e\u043a\u0443\u0441\u0438\u0440\u043e\u0432\u043a\u043e\u0439\" \/><\/span><\/p>\n<h3 class=\"PdpSmallStaticImage__Title\"><span style=\"color: #000000;\">Comutare u\u0219oar\u0103 \u00eentre focalizarea manual\u0103 \u0219i cea automat\u0103<\/span><\/h3>\n<p><span style=\"color: #000000;\">Un comutator care permite comutarea instantanee \u00eentre focalizarea automat\u0103 \u0219i manual\u0103 poate reprezenta un avantaj important c\u00e2nd fotografia\u021bi subiecte sau situa\u021bii care necesit\u0103 ajustarea fin\u0103 a focaliz\u0103rii manuale.<\/span><\/p>\n<hr \/>\n<p><span style=\"color: #000000;\"><img decoding=\"async\" src=\"https:\/\/sony.scene7.com\/is\/image\/sonyglobalsolutions\/15_ec-1?$smallStaticImage$\" alt=\"\u041d\u0430\u0441\u0442\u0440\u0430\u0438\u0432\u0430\u0435\u043c\u0430\u044f \u043a\u043d\u043e\u043f\u043a\u0430 \u0443\u0434\u0435\u0440\u0436\u0430\u043d\u0438\u044f \u0444\u043e\u043a\u0443\u0441\u0438\u0440\u043e\u0432\u043a\u0438\" \/><\/span><\/p>\n<h3 class=\"PdpSmallStaticImage__Title\"><span style=\"color: #000000;\">Buton personalizat de men\u0163inere a focaliz\u0103rii<\/span><\/h3>\n<p><span style=\"color: #000000;\">Un buton de men\u021binere a focaliz\u0103rii, amplasat convenabil, permite men\u021binerea focaliz\u0103rii \u0219i poate fi atribuit altor func\u021bii cu un meniu accesat prin corpul camerei.<\/span><\/p>\n<hr \/>\n<p><span style=\"color: #000000;\"><img decoding=\"async\" src=\"https:\/\/sony.scene7.com\/is\/image\/sonyglobalsolutions\/16_ec-1?$smallStaticImage$\" alt=\"\u0412\u0441\u0442\u0440\u043e\u0435\u043d\u043d\u0430\u044f \u0431\u043b\u0435\u043d\u0434\u0430 \u043e\u0431\u044a\u0435\u043a\u0442\u0438\u0432\u0430 \u0441\u043e \u0441\u043f\u0435\u0446\u0438\u0430\u043b\u044c\u043d\u043e\u0439 \u043a\u0440\u044b\u0448\u043a\u043e\u0439 \u043e\u0431\u044a\u0435\u043a\u0442\u0438\u0432\u0430\" \/><\/span><\/p>\n<h3 class=\"PdpSmallStaticImage__Title\"><span style=\"color: #000000;\">Parasolar de obiectiv integral cu capac de obiectiv dedicat<\/span><\/h3>\n<p><span style=\"color: #000000;\">Un parasolar de obiectiv integral blocheaz\u0103 eficient lumina \u00een afara axei, care poate cauza pete albe \u0219i reflexii parazite. Capacul de obiectiv inclus acoper\u0103 parasolarul, se ata\u0219eaz\u0103 u\u0219or \u0219i se fixeaz\u0103 ferm cu parasolarul \u00een orice unghi.<\/span><\/p>\n","protected":false},"excerpt":{"rendered":"<ul>\n<li lang=\"ru-RU\"><span style=\"color: #000000;\">SONY FE 12-24 mm F2.8 GM<\/span><\/li>\n<li><span style=\"color: #000000;\">Baioneta : SONY E-Mount<\/span><\/li>\n<li><span style=\"color: #000000;\">Format : Full Frame , 35 mm<\/span><\/li>\n<li><span style=\"color: #000000;\">Distan\u021b\u0103 focal\u0103 : f=12-24 mm<\/span><\/li>\n<li><span style=\"color: #000000;\">Valoarea maxim\u0103 a diafragmei : F2.8<\/span><\/li>\n<li><span style=\"color: #000000;\">Valoarea minim\u0103 a diafragmei : F22<\/span><\/li>\n<li><span style=\"color: #000000;\">Lamele diafragmei : 9<\/span><\/li>\n<li><span style=\"color: #000000;\">Stabilizare integrat\u0103 : Nu<\/span><\/li>\n<li><span style=\"color: #000000;\">Distan\u021ba minim\u0103 de focalizare : 0,28 m<\/span><\/li>\n<li><span style=\"color: #000000;\">Diametru filtru : &#8211;<\/span><\/li>\n<li><span style=\"color: #000000;\">Dimensiuni : 97,6 x 137 mm<\/span><\/li>\n<li><span style=\"color: #000000;\">Greutate : 847 g<\/span><\/li>\n<li><span style=\"color: #000000;\">Con\u021binului cutiei : parasolar, capacul din spate \u0219i din fa\u021b\u0103,hus\u0103<\/span><\/li>\n<li><span style=\"color: #000000;\">Garan\u021bie de firm\u0103 : 2 ani<\/span><\/li>\n<\/ul>\n","protected":false},"featured_media":21843,"comment_status":"open","ping_status":"closed","template":"","meta":[],"product_brand":[],"product_cat":[899],"product_tag":[],"class_list":{"0":"post-21905","1":"product","2":"type-product","3":"status-publish","4":"has-post-thumbnail","6":"product_cat-obiective-zoom","8":"first","9":"outofstock","10":"sale","11":"shipping-taxable","12":"purchasable","13":"product-type-simple"},"yoast_head":"<!-- This site is optimized with the Yoast SEO plugin v27.4 - https:\/\/yoast.com\/product\/yoast-seo-wordpress\/ -->\n<title>SONY SEL1224GM | SONY FE 12-24 mm F2.8 GM<\/title>\n<meta name=\"description\" content=\"SONY SEL1224GM | SONY FE 12-24 mm F2.8 GM\" \/>\n<meta name=\"robots\" content=\"index, follow, max-snippet:-1, max-image-preview:large, max-video-preview:-1\" \/>\n<link rel=\"canonical\" href=\"https:\/\/sonycenter.md\/ro\/magazin\/sel1224gm\/\" \/>\n<meta property=\"og:locale\" content=\"ro_RO\" \/>\n<meta property=\"og:type\" content=\"article\" \/>\n<meta property=\"og:title\" content=\"SONY SEL1224GM | SONY FE 12-24 mm F2.8 GM\" \/>\n<meta property=\"og:description\" content=\"SONY SEL1224GM | SONY FE 12-24 mm F2.8 GM\" \/>\n<meta property=\"og:url\" content=\"https:\/\/sonycenter.md\/ro\/magazin\/sel1224gm\/\" \/>\n<meta property=\"og:site_name\" content=\"SONY\" \/>\n<meta property=\"article:modified_time\" content=\"2025-10-04T07:53:45+00:00\" \/>\n<meta property=\"og:image\" content=\"https:\/\/sonycenter.md\/wp-content\/uploads\/2020\/09\/sel1224GM.jpg\" \/>\n\t<meta property=\"og:image:width\" content=\"600\" \/>\n\t<meta property=\"og:image:height\" content=\"600\" \/>\n\t<meta property=\"og:image:type\" content=\"image\/jpeg\" \/>\n<meta name=\"twitter:card\" content=\"summary_large_image\" \/>\n<meta name=\"twitter:label1\" content=\"Est. reading time\" \/>\n\t<meta name=\"twitter:data1\" content=\"9 minutes\" \/>\n<script type=\"application\/ld+json\" class=\"yoast-schema-graph\">{\"@context\":\"https:\\\/\\\/schema.org\",\"@graph\":[{\"@type\":[\"WebPage\",\"ItemPage\"],\"@id\":\"https:\\\/\\\/sonycenter.md\\\/ro\\\/magazin\\\/sel1224gm\\\/\",\"url\":\"https:\\\/\\\/sonycenter.md\\\/ro\\\/magazin\\\/sel1224gm\\\/\",\"name\":\"SONY SEL1224GM | SONY FE 12-24 mm F2.8 GM\",\"isPartOf\":{\"@id\":\"http:\\\/\\\/sonycenter.md\\\/ro\\\/#website\"},\"primaryImageOfPage\":{\"@id\":\"https:\\\/\\\/sonycenter.md\\\/ro\\\/magazin\\\/sel1224gm\\\/#primaryimage\"},\"image\":{\"@id\":\"https:\\\/\\\/sonycenter.md\\\/ro\\\/magazin\\\/sel1224gm\\\/#primaryimage\"},\"thumbnailUrl\":\"https:\\\/\\\/sonycenter.md\\\/wp-content\\\/uploads\\\/2020\\\/09\\\/sel1224GM.jpg\",\"datePublished\":\"2020-09-22T08:54:09+00:00\",\"dateModified\":\"2025-10-04T07:53:45+00:00\",\"description\":\"SONY SEL1224GM | SONY FE 12-24 mm F2.8 GM\",\"breadcrumb\":{\"@id\":\"https:\\\/\\\/sonycenter.md\\\/ro\\\/magazin\\\/sel1224gm\\\/#breadcrumb\"},\"inLanguage\":\"ro-RO\",\"potentialAction\":[{\"@type\":\"ReadAction\",\"target\":[\"https:\\\/\\\/sonycenter.md\\\/ro\\\/magazin\\\/sel1224gm\\\/\"]}]},{\"@type\":\"ImageObject\",\"inLanguage\":\"ro-RO\",\"@id\":\"https:\\\/\\\/sonycenter.md\\\/ro\\\/magazin\\\/sel1224gm\\\/#primaryimage\",\"url\":\"https:\\\/\\\/sonycenter.md\\\/wp-content\\\/uploads\\\/2020\\\/09\\\/sel1224GM.jpg\",\"contentUrl\":\"https:\\\/\\\/sonycenter.md\\\/wp-content\\\/uploads\\\/2020\\\/09\\\/sel1224GM.jpg\",\"width\":600,\"height\":600,\"caption\":\"SEL1224GM\"},{\"@type\":\"BreadcrumbList\",\"@id\":\"https:\\\/\\\/sonycenter.md\\\/ro\\\/magazin\\\/sel1224gm\\\/#breadcrumb\",\"itemListElement\":[{\"@type\":\"ListItem\",\"position\":1,\"name\":\"\u0413\u043b\u0430\u0432\u043d\u0430\u044f \u0441\u0442\u0440\u0430\u043d\u0438\u0446\u0430\",\"item\":\"https:\\\/\\\/sonycenter.md\\\/ro\\\/\"},{\"@type\":\"ListItem\",\"position\":2,\"name\":\"Magazin\",\"item\":\"https:\\\/\\\/sonycenter.md\\\/shop\\\/\"},{\"@type\":\"ListItem\",\"position\":3,\"name\":\"SEL1224GM\"}]},{\"@type\":\"WebSite\",\"@id\":\"http:\\\/\\\/sonycenter.md\\\/ro\\\/#website\",\"url\":\"http:\\\/\\\/sonycenter.md\\\/ro\\\/\",\"name\":\"sonycenter.md\",\"description\":\"SONYCENTER \u00een Chi\u0219in\u0103u\",\"publisher\":{\"@id\":\"http:\\\/\\\/sonycenter.md\\\/ro\\\/#organization\"},\"potentialAction\":[{\"@type\":\"SearchAction\",\"target\":{\"@type\":\"EntryPoint\",\"urlTemplate\":\"http:\\\/\\\/sonycenter.md\\\/ro\\\/?s={search_term_string}\"},\"query-input\":{\"@type\":\"PropertyValueSpecification\",\"valueRequired\":true,\"valueName\":\"search_term_string\"}}],\"inLanguage\":\"ro-RO\"},{\"@type\":\"Organization\",\"@id\":\"http:\\\/\\\/sonycenter.md\\\/ro\\\/#organization\",\"name\":\"sonycenter.md\",\"url\":\"http:\\\/\\\/sonycenter.md\\\/ro\\\/\",\"logo\":{\"@type\":\"ImageObject\",\"inLanguage\":\"ro-RO\",\"@id\":\"http:\\\/\\\/sonycenter.md\\\/ro\\\/#\\\/schema\\\/logo\\\/image\\\/\",\"url\":\"\",\"contentUrl\":\"\",\"caption\":\"sonycenter.md\"},\"image\":{\"@id\":\"http:\\\/\\\/sonycenter.md\\\/ro\\\/#\\\/schema\\\/logo\\\/image\\\/\"}}]}<\/script>\n<!-- \/ Yoast SEO plugin. -->","yoast_head_json":{"title":"SONY SEL1224GM | SONY FE 12-24 mm F2.8 GM","description":"SONY SEL1224GM | SONY FE 12-24 mm F2.8 GM","robots":{"index":"index","follow":"follow","max-snippet":"max-snippet:-1","max-image-preview":"max-image-preview:large","max-video-preview":"max-video-preview:-1"},"canonical":"https:\/\/sonycenter.md\/ro\/magazin\/sel1224gm\/","og_locale":"ro_RO","og_type":"article","og_title":"SONY SEL1224GM | SONY FE 12-24 mm F2.8 GM","og_description":"SONY SEL1224GM | SONY FE 12-24 mm F2.8 GM","og_url":"https:\/\/sonycenter.md\/ro\/magazin\/sel1224gm\/","og_site_name":"SONY","article_modified_time":"2025-10-04T07:53:45+00:00","og_image":[{"width":600,"height":600,"url":"https:\/\/sonycenter.md\/wp-content\/uploads\/2020\/09\/sel1224GM.jpg","type":"image\/jpeg"}],"twitter_card":"summary_large_image","twitter_misc":{"Est. reading time":"9 minutes"},"schema":{"@context":"https:\/\/schema.org","@graph":[{"@type":["WebPage","ItemPage"],"@id":"https:\/\/sonycenter.md\/ro\/magazin\/sel1224gm\/","url":"https:\/\/sonycenter.md\/ro\/magazin\/sel1224gm\/","name":"SONY SEL1224GM | SONY FE 12-24 mm F2.8 GM","isPartOf":{"@id":"https:\/\/sonycenter.md\/ro\/#website"},"primaryImageOfPage":{"@id":"https:\/\/sonycenter.md\/ro\/magazin\/sel1224gm\/#primaryimage"},"image":{"@id":"https:\/\/sonycenter.md\/ro\/magazin\/sel1224gm\/#primaryimage"},"thumbnailUrl":"https:\/\/sonycenter.md\/wp-content\/uploads\/2020\/09\/sel1224GM.jpg","datePublished":"2020-09-22T08:54:09+00:00","dateModified":"2025-10-04T07:53:45+00:00","description":"SONY SEL1224GM | SONY FE 12-24 mm F2.8 GM","breadcrumb":{"@id":"https:\/\/sonycenter.md\/ro\/magazin\/sel1224gm\/#breadcrumb"},"inLanguage":"ro-RO","potentialAction":[{"@type":"ReadAction","target":["https:\/\/sonycenter.md\/ro\/magazin\/sel1224gm\/"]}]},{"@type":"ImageObject","inLanguage":"ro-RO","@id":"https:\/\/sonycenter.md\/ro\/magazin\/sel1224gm\/#primaryimage","url":"https:\/\/sonycenter.md\/wp-content\/uploads\/2020\/09\/sel1224GM.jpg","contentUrl":"https:\/\/sonycenter.md\/wp-content\/uploads\/2020\/09\/sel1224GM.jpg","width":600,"height":600,"caption":"SEL1224GM"},{"@type":"BreadcrumbList","@id":"https:\/\/sonycenter.md\/ro\/magazin\/sel1224gm\/#breadcrumb","itemListElement":[{"@type":"ListItem","position":1,"name":"\u0413\u043b\u0430\u0432\u043d\u0430\u044f \u0441\u0442\u0440\u0430\u043d\u0438\u0446\u0430","item":"https:\/\/sonycenter.md\/ro\/"},{"@type":"ListItem","position":2,"name":"Magazin","item":"https:\/\/sonycenter.md\/shop\/"},{"@type":"ListItem","position":3,"name":"SEL1224GM"}]},{"@type":"WebSite","@id":"https:\/\/sonycenter.md\/ro\/#website","url":"https:\/\/sonycenter.md\/ro\/","name":"sonycenter.md","description":"SONYCENTER \u00een Chi\u0219in\u0103u","publisher":{"@id":"https:\/\/sonycenter.md\/ro\/#organization"},"potentialAction":[{"@type":"SearchAction","target":{"@type":"EntryPoint","urlTemplate":"https:\/\/sonycenter.md\/ro\/?s={search_term_string}"},"query-input":{"@type":"PropertyValueSpecification","valueRequired":true,"valueName":"search_term_string"}}],"inLanguage":"ro-RO"},{"@type":"Organization","@id":"https:\/\/sonycenter.md\/ro\/#organization","name":"sonycenter.md","url":"https:\/\/sonycenter.md\/ro\/","logo":{"@type":"ImageObject","inLanguage":"ro-RO","@id":"https:\/\/sonycenter.md\/ro\/#\/schema\/logo\/image\/","url":"","contentUrl":"","caption":"sonycenter.md"},"image":{"@id":"https:\/\/sonycenter.md\/ro\/#\/schema\/logo\/image\/"}}]}},"_links":{"self":[{"href":"https:\/\/sonycenter.md\/ro\/wp-json\/wp\/v2\/product\/21905","targetHints":{"allow":["GET"]}}],"collection":[{"href":"https:\/\/sonycenter.md\/ro\/wp-json\/wp\/v2\/product"}],"about":[{"href":"https:\/\/sonycenter.md\/ro\/wp-json\/wp\/v2\/types\/product"}],"replies":[{"embeddable":true,"href":"https:\/\/sonycenter.md\/ro\/wp-json\/wp\/v2\/comments?post=21905"}],"wp:featuredmedia":[{"embeddable":true,"href":"https:\/\/sonycenter.md\/ro\/wp-json\/wp\/v2\/media\/21843"}],"wp:attachment":[{"href":"https:\/\/sonycenter.md\/ro\/wp-json\/wp\/v2\/media?parent=21905"}],"wp:term":[{"taxonomy":"product_brand","embeddable":true,"href":"https:\/\/sonycenter.md\/ro\/wp-json\/wp\/v2\/product_brand?post=21905"},{"taxonomy":"product_cat","embeddable":true,"href":"https:\/\/sonycenter.md\/ro\/wp-json\/wp\/v2\/product_cat?post=21905"},{"taxonomy":"product_tag","embeddable":true,"href":"https:\/\/sonycenter.md\/ro\/wp-json\/wp\/v2\/product_tag?post=21905"}],"curies":[{"name":"wp","href":"https:\/\/api.w.org\/{rel}","templated":true}]}}