{"id":25778,"date":"2023-09-02T10:15:55","date_gmt":"2023-09-02T07:15:55","guid":{"rendered":"https:\/\/sonycenter.md\/?post_type=product&#038;p=25778"},"modified":"2025-10-01T15:40:45","modified_gmt":"2025-10-01T12:40:45","slug":"sel1635gm2","status":"publish","type":"product","link":"https:\/\/sonycenter.md\/ro\/magazin\/sel1635gm2\/","title":{"rendered":"SEL1635GM2"},"content":{"rendered":"<p><span style=\"color: #000000;\">Specifica\u021bii suplimentare pentru <span style=\"color: #0000ff;\"><a style=\"color: #0000ff;\" href=\"https:\/\/sonycenter.md\/ro\/category\/accesorii-foto-video\/obiective\/obiective-zoom\/\">obiectivul zoom<\/a><\/span> SONY FE 16-35mm F2.8 GM II :<\/span><\/p>\n<p><span style=\"color: #000000;\"><img decoding=\"async\" src=\"https:\/\/sony.scene7.com\/is\/image\/sonyglobalsolutions\/sp_small_feature_01?$smallStaticImage$\" alt=\"Imagine de exemplificare cu imaginea unui acoperi\u0219, cu un tavan de sticl\u0103 circular, extrem de detaliat, la rezolu\u021bie ridicat\u0103\" \/><\/span><\/p>\n<h3 class=\"PdpSmallStaticImage__Title\"><span style=\"color: #000000;\">Rezolu\u021bie G Master incredibil\u0103<\/span><\/h3>\n<p><span style=\"color: #000000;\">Rezolu\u021bia spa\u021bial\u0103 ridicat\u0103 conduce la imagini detaliate cu scene dinamice cu unghi larg pe \u00eentreaga suprafa\u021b\u0103 a imaginii, \u00een \u00eentregul interval de zoom 16-35mm, chiar \u0219i cu diafragma complet deschis\u0103. Cinci elemente asferice includ trei elemente XA (asferice extreme), iar abera\u021bia este controlat\u0103 pentru o combina\u021bie extraordinar\u0103 de rezolu\u021bie ridicat\u0103 \u0219i bokeh minunat.<\/span><\/p>\n<hr \/>\n<p><span style=\"color: #000000;\"><img decoding=\"async\" src=\"https:\/\/sony.scene7.com\/is\/image\/sonyglobalsolutions\/sp_small_feature_02?$smallStaticImage$\" alt=\"Portretul unei femei cu focalizare, cu fundal panoramic, profunzime \u0219i bokeh, ilustr\u00e2nd cum pot fi ob\u021binute at\u00e2t expresivitatea bokeh, c\u00e2t \u0219i unghiul panoramic.\" \/><\/span><\/p>\n<h3 class=\"PdpSmallStaticImage__Title\"><span style=\"color: #000000;\">Rezolu\u0163ie excep\u0163ional\u0103 \u015fi efect bokeh<\/span><\/h3>\n<p><span style=\"color: #000000;\">Diafragma luminoas\u0103 maxim\u0103 F2.8 permite ob\u021binerea unui efect bokeh lin, frumos, care adaug\u0103 profunzime rezolu\u021biei incredibile a acestui obiectiv, al\u0103turi de designul optic inovator \u0219i unitatea de diafragm\u0103 cu 11 lamele. Efectul de bokeh circular incredibil adaug\u0103 un plus de expresivitate \u0219i impact unei game largi de imagini.<\/span><\/p>\n<hr \/>\n<p><span style=\"color: #000000;\"><img decoding=\"async\" src=\"https:\/\/sony.scene7.com\/is\/image\/sonyglobalsolutions\/sp_small_feature_03?$smallStaticImage$\" alt=\"Exemplu de prim-plan cu o petal\u0103 cu zon\u0103 de neclaritate \u00een jur\" \/><\/span><\/p>\n<h3 class=\"PdpSmallStaticImage__Title\"><span style=\"color: #000000;\">Performan\u021b\u0103 revelatoare la prim-plan<\/span><\/h3>\n<p><span style=\"color: #000000;\">FE 16\u201335 mm F2.8 GM II ofer\u0103 performan\u021b\u0103 extraordinar\u0103 pentru prim-planuri cu o distan\u021b\u0103 minim\u0103 de focalizare de 0,22 m\u00a0 \u00een \u00eentregul interval de zoom \u0219i o m\u0103rire maxim\u0103 de 0,32x. Aceast\u0103 v\u0103 permite s\u0103 v\u0103 apropia\u021bi pentru perspective dinamice, \u00een timp ce efectul profund de bokeh adaug\u0103 un plus de expresivitate.<\/span><\/p>\n<hr \/>\n<p><span style=\"color: #000000;\"><img decoding=\"async\" src=\"https:\/\/sony.scene7.com\/is\/image\/sonyglobalsolutions\/sp_small_feature_03?$smallStaticImage$\" alt=\"Exemplu ilustr\u00e2nd frumos surprinderea luminii cu reducerea petelor albe \u0219i a reflexiilor parazite\" \/><\/span><\/p>\n<h3 class=\"PdpSmallStaticImage__Title\"><span style=\"color: #000000;\">Claritate cu pete albe \u0219i reflexii parazite minime<\/span><\/h3>\n<p><span style=\"color: #000000;\">Petele albe \u0219i reflexiile parazite pot ap\u0103rea c\u00e2nd \u00een cadru se afl\u0103 soarele sau o alt\u0103 surs\u0103 de lumin\u0103 puternic\u0103. Tehnologia original\u0103 Sony Nano AR II asigur\u0103 un strat de acoperire antireflex uniform pe suprafa\u021ba obiectivului, reduc\u00e2nd \u00een mod eficient apari\u021bia petelor albe \u0219i a reflexiilor parazite \u00een condi\u021bii de iluminare dificil\u0103. Sunt eliminate \u0219i reflexiile interne care pot afecta claritatea.<\/span><\/p>\n<hr \/>\n<p><span style=\"color: #000000;\"><img decoding=\"async\" src=\"https:\/\/sony.scene7.com\/is\/image\/sonyglobalsolutions\/sp_small_feature_05?$smallStaticImage$\" alt=\"Exemplu ilustr\u00e2nd ideea de viteza pe care o poate reda un obiectiv superangular\" \/><\/span><\/p>\n<h3 class=\"PdpSmallStaticImage__Title\"><span style=\"color: #000000;\">Conceput pentru imagini cinematografice rafinate<\/span><\/h3>\n<p><span style=\"color: #000000;\">Cea mai nou\u0103 tehnologie pentru obiective reduce schimbarea unghiului la focalizare, precum \u0219i deplasarea focaliz\u0103rii sau a axei \u00een timpul zoomului. Deplasarea imaginii \u0219i varia\u021biile \u00een unghiul de vizualizare sunt minimizate pentru imagini video line, f\u0103r\u0103 \u00eentreruperi. Motoarele liniare XD (extrem de dinamice) \u0219i o unitate de diafragm\u0103 avansat\u0103 reduc, de asemenea, zgomotul \u0219i vibra\u021biile care pot interfera cu \u00eenregistrarea video.<\/span><\/p>\n<hr \/>\n<p><span style=\"color: #000000;\"><img decoding=\"async\" src=\"https:\/\/sony.scene7.com\/is\/image\/sonyglobalsolutions\/sp_small_feature_06?$smallStaticImage$\" alt=\"Imagine de utilizare cu FX3 pe un stabilizator cu articula\u021bie, cu obiectivul FE 16\u201335 mm F2.8 GM II montat\" \/><\/span><\/p>\n<h3 class=\"PdpSmallStaticImage__Title\"><span style=\"color: #000000;\">Echilibrat perfect pentru filme<\/span><\/h3>\n<p><span style=\"color: #000000;\">\u00cen plus fa\u021b\u0103 de greutatea sc\u0103zut\u0103, FE 16\u201335 mm F2.8 GM II a fost proiectat pentru echilibru ideal cu extindere minim\u0103 \u00een timpul zoomului. Un centru de gravitate care se schimb\u0103 extrem de pu\u021bin contribuie la manevrabilitate agil\u0103, stabil\u0103 c\u00e2nd \u00eenregistra\u021bi din m\u00e2n\u0103 \u0219i elimin\u0103 nevoia de reajustare dup\u0103 schimbarea set\u0103rii de zoom atunci c\u00e2nd utiliza\u021bi un stabilizator cu articula\u021bie.<\/span><\/p>\n<hr \/>\n<p><span style=\"color: #000000;\"><img decoding=\"async\" src=\"https:\/\/sony.scene7.com\/is\/image\/sonyglobalsolutions\/sp_small_feature_07?$smallStaticImage$\" alt=\"Diagram\u0103 ilustr\u00e2nd pozi\u021bionarea intern\u0103 a actuatoarelor folosite \u00een obiectivul FE 16\u201335mm F2.8 GM, cu 4 grupuri \u0219i 2 elemente\" \/><\/span><\/p>\n<h3 class=\"PdpSmallStaticImage__Title\"><span style=\"color: #000000;\">Focalizare automat\u0103 precis\u0103 \u0219i rapid\u0103<\/span><\/h3>\n<p><span style=\"color: #000000;\">Cu un mecanism de focalizare mobil, care include patru motoare liniare XD (extrem de dinamice) \u0219i control precis al obiectivului, FE 16-35mm F2.8 GM II asigur\u0103 o vitez\u0103 de focalizare automat\u0103 de aproximativ 2x mai ridicat\u0103 \u0219i fotografiere continu\u0103 rapid\u0103 la p\u00e2n\u0103 la 30fps c\u00e2nd este utilizat cu corpul Sony \u03b11.<\/span><\/p>\n<hr \/>\n<p><span style=\"color: #000000;\"><img decoding=\"async\" src=\"https:\/\/sony.scene7.com\/is\/image\/sonyglobalsolutions\/sp_small_feature_08?$smallStaticImage$\" alt=\"\u00een timp ce urc\u0103 sc\u0103ri relaxat, cu obiectivul FE 16\u201335 mm F2.8 GM montat \u0219i cureaua Sony \u00eenf\u0103\u0219urat\u0103 \u00een jurul \u00eencheieturii\" \/><\/span><\/p>\n<h3 class=\"PdpSmallStaticImage__Title\"><span style=\"color: #000000;\">Focalizare automat\u0103 cursiv\u0103 \u0219i silen\u021bioas\u0103, pentru filme<\/span><\/h3>\n<p><span style=\"color: #000000;\">Focalizarea este esen\u021bial\u0103 mai ales c\u00e2nd \u00eenregistra\u021bi slow motion sau filme 4K\/8K. FE 16-35mm F2.8 GM II func\u021bioneaz\u0103 cu corpurile din seria \u03b1 pentru focalizare \u0219i urm\u0103rire fiabile chiar \u0219i cu subiec\u021bi \u00een mi\u0219care rapid\u0103 gra\u021bie celor patru motoare liniare XD \u0219i tehnologiei de control avansate pentru performan\u021b\u0103 la focalizare automat\u0103 lin\u0103, silen\u021bioas\u0103 \u0219i precis\u0103 pentru \u00eenregistrarea de filme.<\/span><\/p>\n<hr \/>\n<p><span style=\"color: #000000;\"><img decoding=\"async\" src=\"https:\/\/sony.scene7.com\/is\/image\/sonyglobalsolutions\/sp_small_feature_09?$smallStaticImage$\" alt=\"Imagine de produs ilustr\u00e2nd rotirea inelului de focalizare cu s\u0103geata dubl\u0103, descriind focalizarea manual\u0103 cu r\u0103spuns liniar\" \/><\/span><\/p>\n<h3 class=\"PdpSmallStaticImage__Title\"><span style=\"color: #000000;\">R\u0103spuns natural, liniar, pentru focalizarea manual\u0103<\/span><\/h3>\n<p><span style=\"color: #000000;\">Cu focalizarea manual\u0103 cu r\u0103spuns liniar, inelul de focalizare r\u0103spunde direct \u0219i liniar la controlul subtil \u00een timpul focaliz\u0103rii manuale. Rotirea inelului de focalizare se traduce direct printr-o schimbare corespunz\u0103toare a focaliz\u0103rii, astfel \u00eenc\u00e2t controlul se simte imediat \u0219i cu precizie c\u00e2nd fotografia\u021bi sau filma\u021bi.<\/span><\/p>\n<hr \/>\n<p><span style=\"color: #000000;\"><img decoding=\"async\" src=\"https:\/\/sony.scene7.com\/is\/image\/sonyglobalsolutions\/sp_small_feature_10?$smallStaticImage$\" alt=\"Prim-plan cu o persoan\u0103 \u021bin\u00e2nd camera \u00een m\u00e2na dreapt\u0103, \u00een timp ce urc\u0103 sc\u0103ri relaxat, cu obiectivul FE 16\u201335 mm F2.8 GM montat\" \/><\/span><\/p>\n<h3 class=\"PdpSmallStaticImage__Title\"><span style=\"color: #000000;\">Mic, u\u0219or \u0219i versatil<\/span><\/h3>\n<p><span style=\"color: #000000;\">De\u0219i obiectivul FE 16-35mm F2.8 GM II este cel mai mic \u0219i mai u\u0219or obiectiv cu zoom F2.8 16-35mm din lume, asigur\u0103 calitate extraordinar\u0103 a imaginii cu elementele XA \u0219i de sticl\u0103 Super ED \u00eentr-un design optic avansat. Motoarele liniare XD u\u0219oare contribuie la o greutate sc\u0103zut\u0103, de doar 547g , cu 20% mai u\u0219or dec\u00e2t modelul FE 16-35mm F2.8 GM. Lungimea total\u0103 este de doar 111,5mm .<\/span><\/p>\n<hr \/>\n<p><span style=\"color: #000000;\"><img decoding=\"async\" src=\"https:\/\/sony.scene7.com\/is\/image\/sonyglobalsolutions\/sp_small_feature_11?$smallStaticImage$\" alt=\"St\u00e2nga: imagine de produs cu partea st\u00e2ng\u0103 a corpului obiectivului, cu un dreptunghi verde eviden\u021biind comutatorul pentru treptele diafragmei\" \/><\/span><\/p>\n<h3 class=\"PdpSmallStaticImage__Title\"><span style=\"color: #000000;\">Control al diafragmei versatil \u0219i practic<\/span><\/h3>\n<p><span style=\"color: #000000;\">FE 16-35mm F2.8 GM II dispune de un comutator de activare\/dezactivare a treptelor diafragmei \u0219i un comutator de blocare a diafragmei iris pentru control rapid, flexibil al diafragmei. Treptele inelului de diafragm\u0103 pot fi activate pentru a oferi un feedback tactil la fotografiere sau dezactivate pentru un control lin \u0219i silen\u021bios la \u00eenregistrare video.<\/span><\/p>\n<hr \/>\n<p><span style=\"color: #000000;\"><img decoding=\"async\" src=\"https:\/\/sony.scene7.com\/is\/image\/sonyglobalsolutions\/sp_small_feature_12?$smallStaticImage$\" alt=\"St\u00e2nga: imagine de produs cu partea st\u00e2ng\u0103 a corpului obiectivului, cu un dreptunghi verde eviden\u021biind butonul de men\u021binere a focaliz\u0103rii Dreapta: imagine de produs cu amplasarea butonului de men\u021binere a focaliz\u0103rii pe obiectiv\" \/><\/span><\/p>\n<h3 class=\"PdpSmallStaticImage__Title\"><span style=\"color: #000000;\">Butoane de men\u021binere a focaliz\u0103rii personalizabile<\/span><\/h3>\n<p><span style=\"color: #000000;\">Dou\u0103 butoane de men\u021binere a focaliz\u0103rii, care pot fi personalizate ofer\u0103 acces facil \u0219i control confortabil la orientare orizontal\u0103 sau vertical\u0103. Pute\u021bi aloca o func\u021bie butoanelor de men\u021binere a focaliz\u0103rii din meniurile de pe corpul camerei.<\/span><\/p>\n<hr \/>\n<p><span style=\"color: #000000;\"><img decoding=\"async\" src=\"https:\/\/sony.scene7.com\/is\/image\/sonyglobalsolutions\/sp_small_feature_13?$smallStaticImage$\" alt=\"Diagram\u0103 ilustrativ\u0103 cu pozi\u021bionarea tuturor garniturilor circulare de pe corpul obiectivului, proiectate s\u0103 reziste la praf \u0219i umezeal\u0103, marcate cu ro\u0219u\" \/><\/span><\/p>\n<h3 class=\"PdpSmallStaticImage__Title\"><span style=\"color: #000000;\">Design rezistent la praf \u0219i la umezeal\u0103<\/span><\/h3>\n<p><span style=\"color: #000000;\">FE 16-35mm F2.8 GM II ofer\u0103 rezisten\u021b\u0103 \u00eembun\u0103t\u0103\u021bit\u0103 la praf \u0219i umezeal\u0103. Toate \u00eembin\u0103rile sunt sigilate din construc\u021bie, butoanele \u0219i comutatoarele au garnituri de cauciuc siliconat, iar montura obiectivului este sigilat\u0103 cu un inel de cauciuc. Toate aceste detalii rafinate minimizeaz\u0103 posibilitatea p\u0103trunderii prafului sau a umezelii \u00een medii dure, \u00een aer liber.<\/span><\/p>\n<hr \/>\n<p><span style=\"color: #000000;\"><img decoding=\"async\" src=\"https:\/\/sony.scene7.com\/is\/image\/sonyglobalsolutions\/sp_small_feature_14?$smallStaticImage$\" alt=\"Prim-plan cu lentila frontal\u0103 de pe obiectiv, ilustr\u00e2nd stratul de fluor ce respinge praful, umezeala \u0219i alte substan\u021be contaminante\" \/><\/span><\/p>\n<h3 class=\"PdpSmallStaticImage__Title\"><span style=\"color: #000000;\">Strat de fluorin\u0103 pe elementul frontal<\/span><\/h3>\n<p><span style=\"color: #000000;\">Elementul de obiectiv frontal este acoperit cu un strat de fluor ce respinge apa, uleiul \u0219i al\u021bi contaminan\u021bi, facilit\u00e2nd totodat\u0103 \u0219tergerea oric\u0103ror contaminan\u021bi sau amprente care se fixeaz\u0103 pe suprafa\u021ba obiectivului.<\/span><\/p>\n<hr \/>\n<p><span style=\"color: #000000;\"><img decoding=\"async\" src=\"https:\/\/sony.scene7.com\/is\/image\/sonyglobalsolutions\/sp_small_feature_15?$smallStaticImage$\" alt=\"Prim-plan cu parasolarul pentru obiectiv\" \/><\/span><\/p>\n<h3 class=\"PdpSmallStaticImage__Title\"><span style=\"color: #000000;\">Parasolar pentru obiectiv cu design compact<\/span><\/h3>\n<p><span style=\"color: #000000;\">Parasolarul pentru obiectiv furnizat cu FE 16\u201335 mm F2.8 GM II blocheaz\u0103 eficient lumina nedorit\u0103 \u0219i este mai mic dec\u00e2t cel inclus cu FE 16\u201335 mm F2.8 GM, fiind mai pu\u021bin evident \u00een timpul utiliz\u0103rii sau \u00een geanta de aparatur\u0103.<\/span><\/p>\n","protected":false},"excerpt":{"rendered":"<ul>\n<li><span style=\"color: #000000;\">SONY FE 16-35mm F2.8 GM II<\/span><\/li>\n<li><span style=\"color: #000000;\">Baioneta : SONY E-Mount<\/span><\/li>\n<li><span style=\"color: #000000;\">Format : Full Frame , 35 mm<\/span><\/li>\n<li><span style=\"color: #000000;\">Distan\u021b\u0103 focal\u0103 : f=16-35 mm<\/span><\/li>\n<li><span style=\"color: #000000;\">Valoarea maxim\u0103 a diafragmei : F2.8<\/span><\/li>\n<li><span style=\"color: #000000;\">Valoarea minim\u0103 a diafragmei : F22<\/span><\/li>\n<li><span style=\"color: #000000;\">Lamele diafragmei : 11<\/span><\/li>\n<li><span style=\"color: #000000;\">Stabilizare integrat\u0103 : Nu<\/span><\/li>\n<li><span style=\"color: #000000;\">Distan\u021ba minim\u0103 de focalizare : 0,22 m<\/span><\/li>\n<li><span style=\"color: #000000;\">Diametru filtru : 82 mm<\/span><\/li>\n<li><span style=\"color: #000000;\">Dimensiuni : 87,8 x 111,5 mm<\/span><\/li>\n<li><span style=\"color: #000000;\">Greutate : 547 g<\/span><\/li>\n<li><span style=\"color: #000000;\">Con\u021binului cutiei : parasolar, capacul din spate \u0219i din fa\u021b\u0103,hus\u0103<\/span><\/li>\n<li><span style=\"color: #000000;\">Garan\u021bie de firm\u0103 : 2 ani<\/span><\/li>\n<\/ul>\n","protected":false},"featured_media":25762,"comment_status":"open","ping_status":"closed","template":"","meta":[],"product_brand":[],"product_cat":[899],"product_tag":[],"class_list":{"0":"post-25778","1":"product","2":"type-product","3":"status-publish","4":"has-post-thumbnail","6":"product_cat-obiective-zoom","8":"first","9":"instock","10":"shipping-taxable","11":"purchasable","12":"product-type-simple"},"yoast_head":"<!-- This site is optimized with the Yoast SEO plugin v27.4 - https:\/\/yoast.com\/product\/yoast-seo-wordpress\/ -->\n<title>SONY FE 16-35mm F2.8 GM II | Obiectivul zoom SONY<\/title>\n<meta name=\"description\" content=\"Cump\u0103r\u0103 obiectivul zoom de top SONY FE 16-35mm F2.8 GM II pentru aparatele foto SONY Full Frame | Garan\u021bie de firm\u0103 : 2 ani\" \/>\n<meta name=\"robots\" content=\"index, follow, max-snippet:-1, max-image-preview:large, max-video-preview:-1\" \/>\n<link rel=\"canonical\" href=\"https:\/\/sonycenter.md\/ro\/magazin\/sel1635gm2\/\" \/>\n<meta property=\"og:locale\" content=\"ro_RO\" \/>\n<meta property=\"og:type\" content=\"article\" \/>\n<meta property=\"og:title\" content=\"SONY FE 16-35mm F2.8 GM II | Obiectivul zoom SONY\" \/>\n<meta property=\"og:description\" content=\"Cump\u0103r\u0103 obiectivul zoom de top SONY FE 16-35mm F2.8 GM II pentru aparatele foto SONY Full Frame | Garan\u021bie de firm\u0103 : 2 ani\" \/>\n<meta property=\"og:url\" content=\"https:\/\/sonycenter.md\/ro\/magazin\/sel1635gm2\/\" \/>\n<meta property=\"og:site_name\" content=\"SONY\" \/>\n<meta property=\"article:modified_time\" content=\"2025-10-01T12:40:45+00:00\" \/>\n<meta property=\"og:image\" content=\"https:\/\/sonycenter.md\/wp-content\/uploads\/2023\/09\/SEL1635GM2.jpg\" \/>\n\t<meta property=\"og:image:width\" content=\"600\" \/>\n\t<meta property=\"og:image:height\" content=\"600\" \/>\n\t<meta property=\"og:image:type\" content=\"image\/jpeg\" \/>\n<meta name=\"twitter:card\" content=\"summary_large_image\" \/>\n<meta name=\"twitter:label1\" content=\"Est. reading time\" \/>\n\t<meta name=\"twitter:data1\" content=\"8 minutes\" \/>\n<script type=\"application\/ld+json\" class=\"yoast-schema-graph\">{\"@context\":\"https:\\\/\\\/schema.org\",\"@graph\":[{\"@type\":[\"WebPage\",\"ItemPage\"],\"@id\":\"https:\\\/\\\/sonycenter.md\\\/ro\\\/magazin\\\/sel1635gm2\\\/\",\"url\":\"https:\\\/\\\/sonycenter.md\\\/ro\\\/magazin\\\/sel1635gm2\\\/\",\"name\":\"SONY FE 16-35mm F2.8 GM II | Obiectivul zoom SONY\",\"isPartOf\":{\"@id\":\"http:\\\/\\\/sonycenter.md\\\/ro\\\/#website\"},\"primaryImageOfPage\":{\"@id\":\"https:\\\/\\\/sonycenter.md\\\/ro\\\/magazin\\\/sel1635gm2\\\/#primaryimage\"},\"image\":{\"@id\":\"https:\\\/\\\/sonycenter.md\\\/ro\\\/magazin\\\/sel1635gm2\\\/#primaryimage\"},\"thumbnailUrl\":\"https:\\\/\\\/sonycenter.md\\\/wp-content\\\/uploads\\\/2023\\\/09\\\/SEL1635GM2.jpg\",\"datePublished\":\"2023-09-02T07:15:55+00:00\",\"dateModified\":\"2025-10-01T12:40:45+00:00\",\"description\":\"Cump\u0103r\u0103 obiectivul zoom de top SONY FE 16-35mm F2.8 GM II pentru aparatele foto SONY Full Frame | Garan\u021bie de firm\u0103 : 2 ani\",\"breadcrumb\":{\"@id\":\"https:\\\/\\\/sonycenter.md\\\/ro\\\/magazin\\\/sel1635gm2\\\/#breadcrumb\"},\"inLanguage\":\"ro-RO\",\"potentialAction\":[{\"@type\":\"ReadAction\",\"target\":[\"https:\\\/\\\/sonycenter.md\\\/ro\\\/magazin\\\/sel1635gm2\\\/\"]}]},{\"@type\":\"ImageObject\",\"inLanguage\":\"ro-RO\",\"@id\":\"https:\\\/\\\/sonycenter.md\\\/ro\\\/magazin\\\/sel1635gm2\\\/#primaryimage\",\"url\":\"https:\\\/\\\/sonycenter.md\\\/wp-content\\\/uploads\\\/2023\\\/09\\\/SEL1635GM2.jpg\",\"contentUrl\":\"https:\\\/\\\/sonycenter.md\\\/wp-content\\\/uploads\\\/2023\\\/09\\\/SEL1635GM2.jpg\",\"width\":600,\"height\":600,\"caption\":\"SEL1635GM2\"},{\"@type\":\"BreadcrumbList\",\"@id\":\"https:\\\/\\\/sonycenter.md\\\/ro\\\/magazin\\\/sel1635gm2\\\/#breadcrumb\",\"itemListElement\":[{\"@type\":\"ListItem\",\"position\":1,\"name\":\"\u0413\u043b\u0430\u0432\u043d\u0430\u044f \u0441\u0442\u0440\u0430\u043d\u0438\u0446\u0430\",\"item\":\"https:\\\/\\\/sonycenter.md\\\/ro\\\/\"},{\"@type\":\"ListItem\",\"position\":2,\"name\":\"Magazin\",\"item\":\"https:\\\/\\\/sonycenter.md\\\/shop\\\/\"},{\"@type\":\"ListItem\",\"position\":3,\"name\":\"SEL1635GM2\"}]},{\"@type\":\"WebSite\",\"@id\":\"http:\\\/\\\/sonycenter.md\\\/ro\\\/#website\",\"url\":\"http:\\\/\\\/sonycenter.md\\\/ro\\\/\",\"name\":\"sonycenter.md\",\"description\":\"SONYCENTER \u00een Chi\u0219in\u0103u\",\"publisher\":{\"@id\":\"http:\\\/\\\/sonycenter.md\\\/ro\\\/#organization\"},\"potentialAction\":[{\"@type\":\"SearchAction\",\"target\":{\"@type\":\"EntryPoint\",\"urlTemplate\":\"http:\\\/\\\/sonycenter.md\\\/ro\\\/?s={search_term_string}\"},\"query-input\":{\"@type\":\"PropertyValueSpecification\",\"valueRequired\":true,\"valueName\":\"search_term_string\"}}],\"inLanguage\":\"ro-RO\"},{\"@type\":\"Organization\",\"@id\":\"http:\\\/\\\/sonycenter.md\\\/ro\\\/#organization\",\"name\":\"sonycenter.md\",\"url\":\"http:\\\/\\\/sonycenter.md\\\/ro\\\/\",\"logo\":{\"@type\":\"ImageObject\",\"inLanguage\":\"ro-RO\",\"@id\":\"http:\\\/\\\/sonycenter.md\\\/ro\\\/#\\\/schema\\\/logo\\\/image\\\/\",\"url\":\"\",\"contentUrl\":\"\",\"caption\":\"sonycenter.md\"},\"image\":{\"@id\":\"http:\\\/\\\/sonycenter.md\\\/ro\\\/#\\\/schema\\\/logo\\\/image\\\/\"}}]}<\/script>\n<!-- \/ Yoast SEO plugin. -->","yoast_head_json":{"title":"SONY FE 16-35mm F2.8 GM II | Obiectivul zoom SONY","description":"Cump\u0103r\u0103 obiectivul zoom de top SONY FE 16-35mm F2.8 GM II pentru aparatele foto SONY Full Frame | Garan\u021bie de firm\u0103 : 2 ani","robots":{"index":"index","follow":"follow","max-snippet":"max-snippet:-1","max-image-preview":"max-image-preview:large","max-video-preview":"max-video-preview:-1"},"canonical":"https:\/\/sonycenter.md\/ro\/magazin\/sel1635gm2\/","og_locale":"ro_RO","og_type":"article","og_title":"SONY FE 16-35mm F2.8 GM II | Obiectivul zoom SONY","og_description":"Cump\u0103r\u0103 obiectivul zoom de top SONY FE 16-35mm F2.8 GM II pentru aparatele foto SONY Full Frame | Garan\u021bie de firm\u0103 : 2 ani","og_url":"https:\/\/sonycenter.md\/ro\/magazin\/sel1635gm2\/","og_site_name":"SONY","article_modified_time":"2025-10-01T12:40:45+00:00","og_image":[{"width":600,"height":600,"url":"https:\/\/sonycenter.md\/wp-content\/uploads\/2023\/09\/SEL1635GM2.jpg","type":"image\/jpeg"}],"twitter_card":"summary_large_image","twitter_misc":{"Est. reading time":"8 minutes"},"schema":{"@context":"https:\/\/schema.org","@graph":[{"@type":["WebPage","ItemPage"],"@id":"https:\/\/sonycenter.md\/ro\/magazin\/sel1635gm2\/","url":"https:\/\/sonycenter.md\/ro\/magazin\/sel1635gm2\/","name":"SONY FE 16-35mm F2.8 GM II | Obiectivul zoom SONY","isPartOf":{"@id":"https:\/\/sonycenter.md\/ro\/#website"},"primaryImageOfPage":{"@id":"https:\/\/sonycenter.md\/ro\/magazin\/sel1635gm2\/#primaryimage"},"image":{"@id":"https:\/\/sonycenter.md\/ro\/magazin\/sel1635gm2\/#primaryimage"},"thumbnailUrl":"https:\/\/sonycenter.md\/wp-content\/uploads\/2023\/09\/SEL1635GM2.jpg","datePublished":"2023-09-02T07:15:55+00:00","dateModified":"2025-10-01T12:40:45+00:00","description":"Cump\u0103r\u0103 obiectivul zoom de top SONY FE 16-35mm F2.8 GM II pentru aparatele foto SONY Full Frame | Garan\u021bie de firm\u0103 : 2 ani","breadcrumb":{"@id":"https:\/\/sonycenter.md\/ro\/magazin\/sel1635gm2\/#breadcrumb"},"inLanguage":"ro-RO","potentialAction":[{"@type":"ReadAction","target":["https:\/\/sonycenter.md\/ro\/magazin\/sel1635gm2\/"]}]},{"@type":"ImageObject","inLanguage":"ro-RO","@id":"https:\/\/sonycenter.md\/ro\/magazin\/sel1635gm2\/#primaryimage","url":"https:\/\/sonycenter.md\/wp-content\/uploads\/2023\/09\/SEL1635GM2.jpg","contentUrl":"https:\/\/sonycenter.md\/wp-content\/uploads\/2023\/09\/SEL1635GM2.jpg","width":600,"height":600,"caption":"SEL1635GM2"},{"@type":"BreadcrumbList","@id":"https:\/\/sonycenter.md\/ro\/magazin\/sel1635gm2\/#breadcrumb","itemListElement":[{"@type":"ListItem","position":1,"name":"\u0413\u043b\u0430\u0432\u043d\u0430\u044f \u0441\u0442\u0440\u0430\u043d\u0438\u0446\u0430","item":"https:\/\/sonycenter.md\/ro\/"},{"@type":"ListItem","position":2,"name":"Magazin","item":"https:\/\/sonycenter.md\/shop\/"},{"@type":"ListItem","position":3,"name":"SEL1635GM2"}]},{"@type":"WebSite","@id":"https:\/\/sonycenter.md\/ro\/#website","url":"https:\/\/sonycenter.md\/ro\/","name":"sonycenter.md","description":"SONYCENTER \u00een Chi\u0219in\u0103u","publisher":{"@id":"https:\/\/sonycenter.md\/ro\/#organization"},"potentialAction":[{"@type":"SearchAction","target":{"@type":"EntryPoint","urlTemplate":"https:\/\/sonycenter.md\/ro\/?s={search_term_string}"},"query-input":{"@type":"PropertyValueSpecification","valueRequired":true,"valueName":"search_term_string"}}],"inLanguage":"ro-RO"},{"@type":"Organization","@id":"https:\/\/sonycenter.md\/ro\/#organization","name":"sonycenter.md","url":"https:\/\/sonycenter.md\/ro\/","logo":{"@type":"ImageObject","inLanguage":"ro-RO","@id":"https:\/\/sonycenter.md\/ro\/#\/schema\/logo\/image\/","url":"","contentUrl":"","caption":"sonycenter.md"},"image":{"@id":"https:\/\/sonycenter.md\/ro\/#\/schema\/logo\/image\/"}}]}},"_links":{"self":[{"href":"https:\/\/sonycenter.md\/ro\/wp-json\/wp\/v2\/product\/25778","targetHints":{"allow":["GET"]}}],"collection":[{"href":"https:\/\/sonycenter.md\/ro\/wp-json\/wp\/v2\/product"}],"about":[{"href":"https:\/\/sonycenter.md\/ro\/wp-json\/wp\/v2\/types\/product"}],"replies":[{"embeddable":true,"href":"https:\/\/sonycenter.md\/ro\/wp-json\/wp\/v2\/comments?post=25778"}],"wp:featuredmedia":[{"embeddable":true,"href":"https:\/\/sonycenter.md\/ro\/wp-json\/wp\/v2\/media\/25762"}],"wp:attachment":[{"href":"https:\/\/sonycenter.md\/ro\/wp-json\/wp\/v2\/media?parent=25778"}],"wp:term":[{"taxonomy":"product_brand","embeddable":true,"href":"https:\/\/sonycenter.md\/ro\/wp-json\/wp\/v2\/product_brand?post=25778"},{"taxonomy":"product_cat","embeddable":true,"href":"https:\/\/sonycenter.md\/ro\/wp-json\/wp\/v2\/product_cat?post=25778"},{"taxonomy":"product_tag","embeddable":true,"href":"https:\/\/sonycenter.md\/ro\/wp-json\/wp\/v2\/product_tag?post=25778"}],"curies":[{"name":"wp","href":"https:\/\/api.w.org\/{rel}","templated":true}]}}