{"id":8750,"date":"2016-05-25T18:45:36","date_gmt":"2016-05-25T15:45:36","guid":{"rendered":"https:\/\/sonycenter.md\/shop\/sel35f18\/"},"modified":"2025-08-12T15:42:26","modified_gmt":"2025-08-12T12:42:26","slug":"sel35f18","status":"publish","type":"product","link":"https:\/\/sonycenter.md\/ro\/magazin\/sel35f18\/","title":{"rendered":"SEL35F18"},"content":{"rendered":"<p><span style=\"color: #000000;\">Specifica\u021bii adi\u021bionale pentru <span style=\"color: #0000ff;\"><a style=\"color: #0000ff;\" href=\"https:\/\/sonycenter.md\/ro\/category\/accesorii-foto-video\/obiective\/obiective-fixe\/\">obiectivul fix<\/a><\/span> SONY E 35mm F1.8 OSS :<\/span><\/p>\n<div class=\"spec-tile span4 shuffle-item filtered\">\n<div class=\"tile-content\">\n<h3 class=\"t6 tile-title\"><span style=\"color: #000000;\">Compact \u015fi u\u015for de transportat<\/span><\/h3>\n<p class=\"p3\"><span style=\"color: #000000;\">av\u00e2nd o greutate redus\u0103 \u015fi o lungime de numai aprox. 45 mm, este un obiectiv secundar ideal atunci c\u00e2nd c\u0103l\u0103tori\u0163i<\/span><\/p>\n<hr \/>\n<\/div>\n<\/div>\n<div class=\"spec-tile span4 shuffle-item filtered\">\n<div class=\"tile-content\">\n<h3 class=\"t6 tile-title\"><span style=\"color: #000000;\">Rezultate mai clare, mai curate<\/span><\/h3>\n<p class=\"p3\"><span style=\"color: #000000;\">noul design optic reduce abera\u0163ia sferic\u0103 \u015fi \u00eembun\u0103t\u0103\u0163e\u015fte contrastul chiar \u015fi pe margini, pentru imagini cu detalii clare, bine conturate<\/span><\/p>\n<hr \/>\n<\/div>\n<\/div>\n<div class=\"spec-tile span4 shuffle-item filtered\">\n<div class=\"tile-content\">\n<h3 class=\"t6 tile-title\"><span style=\"color: #000000;\">Stabilizare \u00eencorporat\u0103 a imaginii<\/span><\/h3>\n<p class=\"p3\"><span style=\"color: #000000;\">Stabilizarea optic\u0103 a imaginii SteadyShot \u015fi o diafragm\u0103 mare, F1,8, \u00eembun\u0103t\u0103\u0163esc rezultatele ob\u0163inute la fotografierea cu camera \u00een m\u00e2n\u0103 \u00een lumin\u0103 tot mai atenuat\u0103 sau \u00een interioare slab luminate<\/span><\/p>\n<hr \/>\n<\/div>\n<\/div>\n<div class=\"spec-tile span4 shuffle-item filtered\">\n<div class=\"tile-content\">\n<h3 class=\"t6 tile-title\"><span style=\"color: #000000;\">Func\u0163ionare lin\u0103 \u015fi silen\u0163ioas\u0103<\/span><\/h3>\n<p class=\"p3\"><span style=\"color: #000000;\">at\u00e2t motorul care controleaz\u0103 focalizarea, c\u00e2t \u015fi cel care controleaz\u0103 diafragma sunt silen\u0163ioase, cu func\u0163ionare lin\u0103 \u015fi discret\u0103 &#8211; ideale pentru film\u0103ri video<\/span><\/p>\n<hr \/>\n<\/div>\n<\/div>\n<div class=\"spec-tile span4 shuffle-item filtered\">\n<div class=\"tile-content\">\n<h3 class=\"t6 tile-title\"><span style=\"color: #000000;\">Regla\u0163i fin focalizarea<\/span><\/h3>\n<p class=\"p3\"><span style=\"color: #000000;\">dac\u0103 AF (focalizare automat\u0103) nu se men\u0163ine pe subiect sau focalizeaz\u0103 pe un alt subiect dec\u00e2t cel dorit, nu ezita\u0163i \u015fi prelua\u0163i controlul cu DMF (focalizare manual\u0103 direct\u0103)<\/span><\/p>\n<hr \/>\n<\/div>\n<\/div>\n<div class=\"spec-tile span4 shuffle-item filtered\">\n<div class=\"tile-content\">\n<h3 class=\"t6 tile-title\"><span style=\"color: #000000;\">Clarifica\u0163i lucrurile cu sticla ED<\/span><\/h3>\n<p class=\"p3\"><span style=\"color: #000000;\">Sticla cu dispersie extrem de sc\u0103zut\u0103 \u015fi dou\u0103 elemente asferice ale obiectivului minimizeaz\u0103 distorsiunea \u015fi \u00eembun\u0103t\u0103\u0163esc calitatea imaginii<\/span><\/p>\n<hr \/>\n<\/div>\n<\/div>\n<div class=\"spec-tile span4 shuffle-item filtered\">\n<div class=\"tile-content\">\n<h3 class=\"t6 tile-title\"><span style=\"color: #000000;\">Descoperi\u0163i frumuse\u0163ea \u00een imagini estompate<\/span><\/h3>\n<p class=\"p3\"><span style=\"color: #000000;\">diafragma circular\u0103, o particularitate a obiectivelor cu montur\u0103 E, v\u0103 permite s\u0103 captura\u0163i efecte de estompare superbe a prim-planului sau fundalului<\/span><\/p>\n<hr \/>\n<\/div>\n<\/div>\n<div class=\"spec-tile span4 shuffle-item filtered\">\n<div class=\"tile-content\">\n<h3 class=\"t6 tile-title\"><span style=\"color: #000000;\">Creat pentru a dura \u015fi pentru pl\u0103cerea utilizatorului<\/span><\/h3>\n<p class=\"p3\"><span style=\"color: #000000;\">cu finisaj fin din aliaj de aluminiu, obiectivul combin\u0103 calitatea de excep\u0163ie cu simplitatea de operare<\/span><\/p>\n<\/div>\n<\/div>\n","protected":false},"excerpt":{"rendered":"<ul>\n<li><span style=\"color: #000000;\">SONY E 35mm F1.8 OSS<\/span><\/li>\n<li><span style=\"color: #000000;\">Baioneta : SONY E-Mount<\/span><\/li>\n<li><span style=\"color: #000000;\">Format : APS-C , crop 1.5<\/span><\/li>\n<li><span style=\"color: #000000;\">Distan\u021b\u0103 focal\u0103 : f=35 mm<\/span><\/li>\n<li><span style=\"color: #000000;\">Valoarea maxim\u0103 a diafragmei : F1.8<\/span><\/li>\n<li><span style=\"color: #000000;\">Valoarea minim\u0103 a diafragmei : F22<\/span><\/li>\n<li><span style=\"color: #000000;\">Lamele diafragmei : 7<\/span><\/li>\n<li><span style=\"color: #000000;\">Stabilizare integrat\u0103 : Da<\/span><\/li>\n<li><span style=\"color: #000000;\">Distan\u021ba minim\u0103 de focalizare : 0,3 m<\/span><\/li>\n<li><span style=\"color: #000000;\">Diametru filtru : 49 mm<\/span><\/li>\n<li><span style=\"color: #000000;\">Dimensiuni : 63 x 45 mm<\/span><\/li>\n<li><span style=\"color: #000000;\">Greutate : 154 g<\/span><\/li>\n<li><span style=\"color: #000000;\">Con\u021binului cutiei : parasolar, capacul din spate \u0219i din fa\u021b\u0103\u00a0<\/span><\/li>\n<li><span style=\"color: #000000;\">Garan\u021bie de firm\u0103 : 2 ani<\/span><\/li>\n<\/ul>\n","protected":false},"featured_media":8751,"comment_status":"open","ping_status":"closed","template":"","meta":[],"product_brand":[],"product_cat":[901],"product_tag":[],"class_list":{"0":"post-8750","1":"product","2":"type-product","3":"status-publish","4":"has-post-thumbnail","6":"product_cat-obiective-fixe","8":"first","9":"instock","10":"shipping-taxable","11":"purchasable","12":"product-type-simple"},"yoast_head":"<!-- This site is optimized with the Yoast SEO plugin v27.4 - https:\/\/yoast.com\/product\/yoast-seo-wordpress\/ -->\n<title>SONY E 35mm F1.8 OSS | Obiectivul APS-C SONY SEL35F18<\/title>\n<meta name=\"description\" content=\"Cump\u0103r\u0103 obiectivul fix APS-C SONY E 35mm F1.8 OSS \u00een Chi\u0219in\u0103u cu garan\u021bie de firm\u0103\" \/>\n<meta name=\"robots\" content=\"index, follow, max-snippet:-1, max-image-preview:large, max-video-preview:-1\" \/>\n<link rel=\"canonical\" href=\"https:\/\/sonycenter.md\/ro\/magazin\/sel35f18\/\" \/>\n<meta property=\"og:locale\" content=\"ro_RO\" \/>\n<meta property=\"og:type\" content=\"article\" \/>\n<meta property=\"og:title\" content=\"SONY E 35mm F1.8 OSS | Obiectivul APS-C SONY SEL35F18\" \/>\n<meta property=\"og:description\" content=\"Cump\u0103r\u0103 obiectivul fix APS-C SONY E 35mm F1.8 OSS \u00een Chi\u0219in\u0103u cu garan\u021bie de firm\u0103\" \/>\n<meta property=\"og:url\" content=\"https:\/\/sonycenter.md\/ro\/magazin\/sel35f18\/\" \/>\n<meta property=\"og:site_name\" content=\"SONY\" \/>\n<meta property=\"article:modified_time\" content=\"2025-08-12T12:42:26+00:00\" \/>\n<meta property=\"og:image\" content=\"https:\/\/sonycenter.md\/wp-content\/uploads\/2016\/05\/sel35f18.jpg\" \/>\n\t<meta property=\"og:image:width\" content=\"600\" \/>\n\t<meta property=\"og:image:height\" content=\"600\" \/>\n\t<meta property=\"og:image:type\" content=\"image\/jpeg\" \/>\n<meta name=\"twitter:card\" content=\"summary_large_image\" \/>\n<meta name=\"twitter:label1\" content=\"Est. reading time\" \/>\n\t<meta name=\"twitter:data1\" content=\"2 minutes\" \/>\n<script type=\"application\/ld+json\" class=\"yoast-schema-graph\">{\"@context\":\"https:\\\/\\\/schema.org\",\"@graph\":[{\"@type\":[\"WebPage\",\"ItemPage\"],\"@id\":\"https:\\\/\\\/sonycenter.md\\\/ro\\\/magazin\\\/sel35f18\\\/\",\"url\":\"https:\\\/\\\/sonycenter.md\\\/ro\\\/magazin\\\/sel35f18\\\/\",\"name\":\"SONY E 35mm F1.8 OSS | Obiectivul APS-C SONY SEL35F18\",\"isPartOf\":{\"@id\":\"http:\\\/\\\/sonycenter.md\\\/ro\\\/#website\"},\"primaryImageOfPage\":{\"@id\":\"https:\\\/\\\/sonycenter.md\\\/ro\\\/magazin\\\/sel35f18\\\/#primaryimage\"},\"image\":{\"@id\":\"https:\\\/\\\/sonycenter.md\\\/ro\\\/magazin\\\/sel35f18\\\/#primaryimage\"},\"thumbnailUrl\":\"https:\\\/\\\/sonycenter.md\\\/wp-content\\\/uploads\\\/2016\\\/05\\\/sel35f18.jpg\",\"datePublished\":\"2016-05-25T15:45:36+00:00\",\"dateModified\":\"2025-08-12T12:42:26+00:00\",\"description\":\"Cump\u0103r\u0103 obiectivul fix APS-C SONY E 35mm F1.8 OSS \u00een Chi\u0219in\u0103u cu garan\u021bie de firm\u0103\",\"breadcrumb\":{\"@id\":\"https:\\\/\\\/sonycenter.md\\\/ro\\\/magazin\\\/sel35f18\\\/#breadcrumb\"},\"inLanguage\":\"ro-RO\",\"potentialAction\":[{\"@type\":\"ReadAction\",\"target\":[\"https:\\\/\\\/sonycenter.md\\\/ro\\\/magazin\\\/sel35f18\\\/\"]}]},{\"@type\":\"ImageObject\",\"inLanguage\":\"ro-RO\",\"@id\":\"https:\\\/\\\/sonycenter.md\\\/ro\\\/magazin\\\/sel35f18\\\/#primaryimage\",\"url\":\"https:\\\/\\\/sonycenter.md\\\/wp-content\\\/uploads\\\/2016\\\/05\\\/sel35f18.jpg\",\"contentUrl\":\"https:\\\/\\\/sonycenter.md\\\/wp-content\\\/uploads\\\/2016\\\/05\\\/sel35f18.jpg\",\"width\":600,\"height\":600,\"caption\":\"SEL35F18\"},{\"@type\":\"BreadcrumbList\",\"@id\":\"https:\\\/\\\/sonycenter.md\\\/ro\\\/magazin\\\/sel35f18\\\/#breadcrumb\",\"itemListElement\":[{\"@type\":\"ListItem\",\"position\":1,\"name\":\"\u0413\u043b\u0430\u0432\u043d\u0430\u044f \u0441\u0442\u0440\u0430\u043d\u0438\u0446\u0430\",\"item\":\"https:\\\/\\\/sonycenter.md\\\/ro\\\/\"},{\"@type\":\"ListItem\",\"position\":2,\"name\":\"Magazin\",\"item\":\"https:\\\/\\\/sonycenter.md\\\/shop\\\/\"},{\"@type\":\"ListItem\",\"position\":3,\"name\":\"SEL35F18\"}]},{\"@type\":\"WebSite\",\"@id\":\"http:\\\/\\\/sonycenter.md\\\/ro\\\/#website\",\"url\":\"http:\\\/\\\/sonycenter.md\\\/ro\\\/\",\"name\":\"sonycenter.md\",\"description\":\"SONYCENTER \u00een Chi\u0219in\u0103u\",\"publisher\":{\"@id\":\"http:\\\/\\\/sonycenter.md\\\/ro\\\/#organization\"},\"potentialAction\":[{\"@type\":\"SearchAction\",\"target\":{\"@type\":\"EntryPoint\",\"urlTemplate\":\"http:\\\/\\\/sonycenter.md\\\/ro\\\/?s={search_term_string}\"},\"query-input\":{\"@type\":\"PropertyValueSpecification\",\"valueRequired\":true,\"valueName\":\"search_term_string\"}}],\"inLanguage\":\"ro-RO\"},{\"@type\":\"Organization\",\"@id\":\"http:\\\/\\\/sonycenter.md\\\/ro\\\/#organization\",\"name\":\"sonycenter.md\",\"url\":\"http:\\\/\\\/sonycenter.md\\\/ro\\\/\",\"logo\":{\"@type\":\"ImageObject\",\"inLanguage\":\"ro-RO\",\"@id\":\"http:\\\/\\\/sonycenter.md\\\/ro\\\/#\\\/schema\\\/logo\\\/image\\\/\",\"url\":\"\",\"contentUrl\":\"\",\"caption\":\"sonycenter.md\"},\"image\":{\"@id\":\"http:\\\/\\\/sonycenter.md\\\/ro\\\/#\\\/schema\\\/logo\\\/image\\\/\"}}]}<\/script>\n<!-- \/ Yoast SEO plugin. -->","yoast_head_json":{"title":"SONY E 35mm F1.8 OSS | Obiectivul APS-C SONY SEL35F18","description":"Cump\u0103r\u0103 obiectivul fix APS-C SONY E 35mm F1.8 OSS \u00een Chi\u0219in\u0103u cu garan\u021bie de firm\u0103","robots":{"index":"index","follow":"follow","max-snippet":"max-snippet:-1","max-image-preview":"max-image-preview:large","max-video-preview":"max-video-preview:-1"},"canonical":"https:\/\/sonycenter.md\/ro\/magazin\/sel35f18\/","og_locale":"ro_RO","og_type":"article","og_title":"SONY E 35mm F1.8 OSS | Obiectivul APS-C SONY SEL35F18","og_description":"Cump\u0103r\u0103 obiectivul fix APS-C SONY E 35mm F1.8 OSS \u00een Chi\u0219in\u0103u cu garan\u021bie de firm\u0103","og_url":"https:\/\/sonycenter.md\/ro\/magazin\/sel35f18\/","og_site_name":"SONY","article_modified_time":"2025-08-12T12:42:26+00:00","og_image":[{"width":600,"height":600,"url":"https:\/\/sonycenter.md\/wp-content\/uploads\/2016\/05\/sel35f18.jpg","type":"image\/jpeg"}],"twitter_card":"summary_large_image","twitter_misc":{"Est. reading time":"2 minutes"},"schema":{"@context":"https:\/\/schema.org","@graph":[{"@type":["WebPage","ItemPage"],"@id":"https:\/\/sonycenter.md\/ro\/magazin\/sel35f18\/","url":"https:\/\/sonycenter.md\/ro\/magazin\/sel35f18\/","name":"SONY E 35mm F1.8 OSS | Obiectivul APS-C SONY SEL35F18","isPartOf":{"@id":"https:\/\/sonycenter.md\/ro\/#website"},"primaryImageOfPage":{"@id":"https:\/\/sonycenter.md\/ro\/magazin\/sel35f18\/#primaryimage"},"image":{"@id":"https:\/\/sonycenter.md\/ro\/magazin\/sel35f18\/#primaryimage"},"thumbnailUrl":"https:\/\/sonycenter.md\/wp-content\/uploads\/2016\/05\/sel35f18.jpg","datePublished":"2016-05-25T15:45:36+00:00","dateModified":"2025-08-12T12:42:26+00:00","description":"Cump\u0103r\u0103 obiectivul fix APS-C SONY E 35mm F1.8 OSS \u00een Chi\u0219in\u0103u cu garan\u021bie de firm\u0103","breadcrumb":{"@id":"https:\/\/sonycenter.md\/ro\/magazin\/sel35f18\/#breadcrumb"},"inLanguage":"ro-RO","potentialAction":[{"@type":"ReadAction","target":["https:\/\/sonycenter.md\/ro\/magazin\/sel35f18\/"]}]},{"@type":"ImageObject","inLanguage":"ro-RO","@id":"https:\/\/sonycenter.md\/ro\/magazin\/sel35f18\/#primaryimage","url":"https:\/\/sonycenter.md\/wp-content\/uploads\/2016\/05\/sel35f18.jpg","contentUrl":"https:\/\/sonycenter.md\/wp-content\/uploads\/2016\/05\/sel35f18.jpg","width":600,"height":600,"caption":"SEL35F18"},{"@type":"BreadcrumbList","@id":"https:\/\/sonycenter.md\/ro\/magazin\/sel35f18\/#breadcrumb","itemListElement":[{"@type":"ListItem","position":1,"name":"\u0413\u043b\u0430\u0432\u043d\u0430\u044f \u0441\u0442\u0440\u0430\u043d\u0438\u0446\u0430","item":"https:\/\/sonycenter.md\/ro\/"},{"@type":"ListItem","position":2,"name":"Magazin","item":"https:\/\/sonycenter.md\/shop\/"},{"@type":"ListItem","position":3,"name":"SEL35F18"}]},{"@type":"WebSite","@id":"https:\/\/sonycenter.md\/ro\/#website","url":"https:\/\/sonycenter.md\/ro\/","name":"sonycenter.md","description":"SONYCENTER \u00een Chi\u0219in\u0103u","publisher":{"@id":"https:\/\/sonycenter.md\/ro\/#organization"},"potentialAction":[{"@type":"SearchAction","target":{"@type":"EntryPoint","urlTemplate":"https:\/\/sonycenter.md\/ro\/?s={search_term_string}"},"query-input":{"@type":"PropertyValueSpecification","valueRequired":true,"valueName":"search_term_string"}}],"inLanguage":"ro-RO"},{"@type":"Organization","@id":"https:\/\/sonycenter.md\/ro\/#organization","name":"sonycenter.md","url":"https:\/\/sonycenter.md\/ro\/","logo":{"@type":"ImageObject","inLanguage":"ro-RO","@id":"https:\/\/sonycenter.md\/ro\/#\/schema\/logo\/image\/","url":"","contentUrl":"","caption":"sonycenter.md"},"image":{"@id":"https:\/\/sonycenter.md\/ro\/#\/schema\/logo\/image\/"}}]}},"_links":{"self":[{"href":"https:\/\/sonycenter.md\/ro\/wp-json\/wp\/v2\/product\/8750","targetHints":{"allow":["GET"]}}],"collection":[{"href":"https:\/\/sonycenter.md\/ro\/wp-json\/wp\/v2\/product"}],"about":[{"href":"https:\/\/sonycenter.md\/ro\/wp-json\/wp\/v2\/types\/product"}],"replies":[{"embeddable":true,"href":"https:\/\/sonycenter.md\/ro\/wp-json\/wp\/v2\/comments?post=8750"}],"wp:featuredmedia":[{"embeddable":true,"href":"https:\/\/sonycenter.md\/ro\/wp-json\/wp\/v2\/media\/8751"}],"wp:attachment":[{"href":"https:\/\/sonycenter.md\/ro\/wp-json\/wp\/v2\/media?parent=8750"}],"wp:term":[{"taxonomy":"product_brand","embeddable":true,"href":"https:\/\/sonycenter.md\/ro\/wp-json\/wp\/v2\/product_brand?post=8750"},{"taxonomy":"product_cat","embeddable":true,"href":"https:\/\/sonycenter.md\/ro\/wp-json\/wp\/v2\/product_cat?post=8750"},{"taxonomy":"product_tag","embeddable":true,"href":"https:\/\/sonycenter.md\/ro\/wp-json\/wp\/v2\/product_tag?post=8750"}],"curies":[{"name":"wp","href":"https:\/\/api.w.org\/{rel}","templated":true}]}}