{"id":8849,"date":"2017-04-18T11:06:57","date_gmt":"2017-04-18T08:06:57","guid":{"rendered":"https:\/\/sonycenter.md\/shop\/sel16f28\/"},"modified":"2025-08-12T14:17:21","modified_gmt":"2025-08-12T11:17:21","slug":"sel16f28","status":"publish","type":"product","link":"https:\/\/sonycenter.md\/ro\/magazin\/sel16f28\/","title":{"rendered":"SEL16F28"},"content":{"rendered":"<p><span style=\"color: #000000;\">Spacifica\u021bii adi\u021bionale pentru <span style=\"color: #0000ff;\"><a style=\"color: #0000ff;\" href=\"https:\/\/sonycenter.md\/ro\/category\/accesorii-foto-video\/obiective\/obiective-fixe\/\">obiectivul fix<\/a><\/span> SONY E 16mm F2.8 :<\/span><\/p>\n<ul>\n<li><span style=\"color: #000000;\">Obiectiv superangular sub\u0163ire, compact pentru fotografierea de zi cu zi<\/span><\/li>\n<li><span style=\"color: #000000;\">Design u\u015for \u015fi elegant cu finisaj de aliaj de aluminiu de \u00eenalt\u0103 calitate al monturii<\/span><\/li>\n<li><span style=\"color: #000000;\">Ideal pentru fotografierea de zi cu zi cu o greutate \u015fi volum minime atunci c\u00e2nd transporta\u0163i camera \u00een buzunarul de la hain\u0103 sau \u00een geant\u0103<\/span><\/li>\n<li><span style=\"color: #000000;\">Elemente optice de \u00eenalt\u0103 performan\u0163\u0103 cu suprafa\u0163\u0103 asferic\u0103 pentru contrast \u015fi claritate excelente<\/span><\/li>\n<li><span style=\"color: #000000;\">Focalizare automat\u0103 de mare vitez\u0103 \u015fi reglare a deschiderii diafragmei line \u015fi silen\u0163ioase: ideal pentru fotografiere \u015fi filmare\u00a0<\/span><\/li>\n<li><span style=\"color: #000000;\">Diafragm\u0103 circular\u0103 cu 7 lame pentru efecte frumoase de defocalizare<\/span><\/li>\n<li><span style=\"color: #000000;\">Focalizare manual\u0103 direct\u0103 cu inel de focalizare : ideal pentru reglarea manual\u0103 precis\u0103 \u015fi comod\u0103 a focaliz\u0103rii<\/span><\/li>\n<\/ul>\n","protected":false},"excerpt":{"rendered":"<ul>\n<li><span style=\"color: #000000;\">SONY E 16mm F2.8\u00a0<\/span><\/li>\n<li><span style=\"color: #000000;\">Baioneta : SONY E-Mount<\/span><\/li>\n<li><span style=\"color: #000000;\">Format : APS-C , crop 1.5<\/span><\/li>\n<li><span style=\"color: #000000;\">Distan\u021b\u0103 focal\u0103 : f=16 mm<\/span><\/li>\n<li><span style=\"color: #000000;\">Valoarea maxim\u0103 a diafragmei : F2.8<\/span><\/li>\n<li><span style=\"color: #000000;\">Valoarea minim\u0103 a diafragmei : F22<\/span><\/li>\n<li><span style=\"color: #000000;\">Lamele diafragmei : 7<\/span><\/li>\n<li><span style=\"color: #000000;\">Stabilizare integrat\u0103 : Nu<\/span><\/li>\n<li><span style=\"color: #000000;\">Distan\u021ba minim\u0103 de focalizare : 0,24 m<\/span><\/li>\n<li><span style=\"color: #000000;\">Diametru filtru : 49 mm<\/span><\/li>\n<li><span style=\"color: #000000;\">Dimensiuni : 62 x 22,5 mm<\/span><\/li>\n<li><span style=\"color: #000000;\">Greutate : 67 g<\/span><\/li>\n<li><span style=\"color: #000000;\">Con\u021binului cutiei : capacul din spate \u0219i din fa\u021b\u0103<\/span><\/li>\n<li><span style=\"color: #000000;\">Garan\u021bie de firm\u0103 : 2 ani<\/span><\/li>\n<\/ul>\n","protected":false},"featured_media":32047,"comment_status":"open","ping_status":"closed","template":"","meta":[],"product_brand":[],"product_cat":[901],"product_tag":[],"class_list":{"0":"post-8849","1":"product","2":"type-product","3":"status-publish","4":"has-post-thumbnail","6":"product_cat-obiective-fixe","8":"first","9":"outofstock","10":"sale","11":"shipping-taxable","12":"purchasable","13":"product-type-simple"},"yoast_head":"<!-- This site is optimized with the Yoast SEO plugin v27.4 - https:\/\/yoast.com\/product\/yoast-seo-wordpress\/ -->\n<title>SONY E 16mm F2.8 | SONY SEL16F28 | Chi\u0219in\u0103u<\/title>\n<meta name=\"description\" content=\"Cump\u0103r\u0103 obiectivul fix SONY E 16mm F2.8 cu garan\u021bie de firm\u0103 2 ani | Magazinul SonyCenter \u00een Chi\u0219in\u0103u | Dealer oficial SONY \u00een Moldova\" \/>\n<meta name=\"robots\" content=\"index, follow, max-snippet:-1, max-image-preview:large, max-video-preview:-1\" \/>\n<link rel=\"canonical\" href=\"https:\/\/sonycenter.md\/ro\/magazin\/sel16f28\/\" \/>\n<meta property=\"og:locale\" content=\"ro_RO\" \/>\n<meta property=\"og:type\" content=\"article\" \/>\n<meta property=\"og:title\" content=\"SONY E 16mm F2.8 | SONY SEL16F28 | Chi\u0219in\u0103u\" \/>\n<meta property=\"og:description\" content=\"Cump\u0103r\u0103 obiectivul fix SONY E 16mm F2.8 cu garan\u021bie de firm\u0103 2 ani | Magazinul SonyCenter \u00een Chi\u0219in\u0103u | Dealer oficial SONY \u00een Moldova\" \/>\n<meta property=\"og:url\" content=\"https:\/\/sonycenter.md\/ro\/magazin\/sel16f28\/\" \/>\n<meta property=\"og:site_name\" content=\"SONY\" \/>\n<meta property=\"article:modified_time\" content=\"2025-08-12T11:17:21+00:00\" \/>\n<meta property=\"og:image\" content=\"https:\/\/sonycenter.md\/wp-content\/uploads\/2017\/04\/sel16f28-.jpg\" \/>\n\t<meta property=\"og:image:width\" content=\"600\" \/>\n\t<meta property=\"og:image:height\" content=\"600\" \/>\n\t<meta property=\"og:image:type\" content=\"image\/jpeg\" \/>\n<meta name=\"twitter:card\" content=\"summary_large_image\" \/>\n<meta name=\"twitter:label1\" content=\"Est. reading time\" \/>\n\t<meta name=\"twitter:data1\" content=\"1 minute\" \/>\n<script type=\"application\/ld+json\" class=\"yoast-schema-graph\">{\"@context\":\"https:\\\/\\\/schema.org\",\"@graph\":[{\"@type\":[\"WebPage\",\"ItemPage\"],\"@id\":\"https:\\\/\\\/sonycenter.md\\\/ro\\\/magazin\\\/sel16f28\\\/\",\"url\":\"https:\\\/\\\/sonycenter.md\\\/ro\\\/magazin\\\/sel16f28\\\/\",\"name\":\"SONY E 16mm F2.8 | SONY SEL16F28 | Chi\u0219in\u0103u\",\"isPartOf\":{\"@id\":\"http:\\\/\\\/sonycenter.md\\\/ro\\\/#website\"},\"primaryImageOfPage\":{\"@id\":\"https:\\\/\\\/sonycenter.md\\\/ro\\\/magazin\\\/sel16f28\\\/#primaryimage\"},\"image\":{\"@id\":\"https:\\\/\\\/sonycenter.md\\\/ro\\\/magazin\\\/sel16f28\\\/#primaryimage\"},\"thumbnailUrl\":\"https:\\\/\\\/sonycenter.md\\\/wp-content\\\/uploads\\\/2017\\\/04\\\/sel16f28-.jpg\",\"datePublished\":\"2017-04-18T08:06:57+00:00\",\"dateModified\":\"2025-08-12T11:17:21+00:00\",\"description\":\"Cump\u0103r\u0103 obiectivul fix SONY E 16mm F2.8 cu garan\u021bie de firm\u0103 2 ani | Magazinul SonyCenter \u00een Chi\u0219in\u0103u | Dealer oficial SONY \u00een Moldova\",\"breadcrumb\":{\"@id\":\"https:\\\/\\\/sonycenter.md\\\/ro\\\/magazin\\\/sel16f28\\\/#breadcrumb\"},\"inLanguage\":\"ro-RO\",\"potentialAction\":[{\"@type\":\"ReadAction\",\"target\":[\"https:\\\/\\\/sonycenter.md\\\/ro\\\/magazin\\\/sel16f28\\\/\"]}]},{\"@type\":\"ImageObject\",\"inLanguage\":\"ro-RO\",\"@id\":\"https:\\\/\\\/sonycenter.md\\\/ro\\\/magazin\\\/sel16f28\\\/#primaryimage\",\"url\":\"https:\\\/\\\/sonycenter.md\\\/wp-content\\\/uploads\\\/2017\\\/04\\\/sel16f28-.jpg\",\"contentUrl\":\"https:\\\/\\\/sonycenter.md\\\/wp-content\\\/uploads\\\/2017\\\/04\\\/sel16f28-.jpg\",\"width\":600,\"height\":600,\"caption\":\"SEL16F28\"},{\"@type\":\"BreadcrumbList\",\"@id\":\"https:\\\/\\\/sonycenter.md\\\/ro\\\/magazin\\\/sel16f28\\\/#breadcrumb\",\"itemListElement\":[{\"@type\":\"ListItem\",\"position\":1,\"name\":\"\u0413\u043b\u0430\u0432\u043d\u0430\u044f \u0441\u0442\u0440\u0430\u043d\u0438\u0446\u0430\",\"item\":\"https:\\\/\\\/sonycenter.md\\\/ro\\\/\"},{\"@type\":\"ListItem\",\"position\":2,\"name\":\"Magazin\",\"item\":\"https:\\\/\\\/sonycenter.md\\\/shop\\\/\"},{\"@type\":\"ListItem\",\"position\":3,\"name\":\"SEL16F28\"}]},{\"@type\":\"WebSite\",\"@id\":\"http:\\\/\\\/sonycenter.md\\\/ro\\\/#website\",\"url\":\"http:\\\/\\\/sonycenter.md\\\/ro\\\/\",\"name\":\"sonycenter.md\",\"description\":\"SONYCENTER \u00een Chi\u0219in\u0103u\",\"publisher\":{\"@id\":\"http:\\\/\\\/sonycenter.md\\\/ro\\\/#organization\"},\"potentialAction\":[{\"@type\":\"SearchAction\",\"target\":{\"@type\":\"EntryPoint\",\"urlTemplate\":\"http:\\\/\\\/sonycenter.md\\\/ro\\\/?s={search_term_string}\"},\"query-input\":{\"@type\":\"PropertyValueSpecification\",\"valueRequired\":true,\"valueName\":\"search_term_string\"}}],\"inLanguage\":\"ro-RO\"},{\"@type\":\"Organization\",\"@id\":\"http:\\\/\\\/sonycenter.md\\\/ro\\\/#organization\",\"name\":\"sonycenter.md\",\"url\":\"http:\\\/\\\/sonycenter.md\\\/ro\\\/\",\"logo\":{\"@type\":\"ImageObject\",\"inLanguage\":\"ro-RO\",\"@id\":\"http:\\\/\\\/sonycenter.md\\\/ro\\\/#\\\/schema\\\/logo\\\/image\\\/\",\"url\":\"\",\"contentUrl\":\"\",\"caption\":\"sonycenter.md\"},\"image\":{\"@id\":\"http:\\\/\\\/sonycenter.md\\\/ro\\\/#\\\/schema\\\/logo\\\/image\\\/\"}}]}<\/script>\n<!-- \/ Yoast SEO plugin. -->","yoast_head_json":{"title":"SONY E 16mm F2.8 | SONY SEL16F28 | Chi\u0219in\u0103u","description":"Cump\u0103r\u0103 obiectivul fix SONY E 16mm F2.8 cu garan\u021bie de firm\u0103 2 ani | Magazinul SonyCenter \u00een Chi\u0219in\u0103u | Dealer oficial SONY \u00een Moldova","robots":{"index":"index","follow":"follow","max-snippet":"max-snippet:-1","max-image-preview":"max-image-preview:large","max-video-preview":"max-video-preview:-1"},"canonical":"https:\/\/sonycenter.md\/ro\/magazin\/sel16f28\/","og_locale":"ro_RO","og_type":"article","og_title":"SONY E 16mm F2.8 | SONY SEL16F28 | Chi\u0219in\u0103u","og_description":"Cump\u0103r\u0103 obiectivul fix SONY E 16mm F2.8 cu garan\u021bie de firm\u0103 2 ani | Magazinul SonyCenter \u00een Chi\u0219in\u0103u | Dealer oficial SONY \u00een Moldova","og_url":"https:\/\/sonycenter.md\/ro\/magazin\/sel16f28\/","og_site_name":"SONY","article_modified_time":"2025-08-12T11:17:21+00:00","og_image":[{"width":600,"height":600,"url":"https:\/\/sonycenter.md\/wp-content\/uploads\/2017\/04\/sel16f28-.jpg","type":"image\/jpeg"}],"twitter_card":"summary_large_image","twitter_misc":{"Est. reading time":"1 minute"},"schema":{"@context":"https:\/\/schema.org","@graph":[{"@type":["WebPage","ItemPage"],"@id":"https:\/\/sonycenter.md\/ro\/magazin\/sel16f28\/","url":"https:\/\/sonycenter.md\/ro\/magazin\/sel16f28\/","name":"SONY E 16mm F2.8 | SONY SEL16F28 | Chi\u0219in\u0103u","isPartOf":{"@id":"https:\/\/sonycenter.md\/ro\/#website"},"primaryImageOfPage":{"@id":"https:\/\/sonycenter.md\/ro\/magazin\/sel16f28\/#primaryimage"},"image":{"@id":"https:\/\/sonycenter.md\/ro\/magazin\/sel16f28\/#primaryimage"},"thumbnailUrl":"https:\/\/sonycenter.md\/wp-content\/uploads\/2017\/04\/sel16f28-.jpg","datePublished":"2017-04-18T08:06:57+00:00","dateModified":"2025-08-12T11:17:21+00:00","description":"Cump\u0103r\u0103 obiectivul fix SONY E 16mm F2.8 cu garan\u021bie de firm\u0103 2 ani | Magazinul SonyCenter \u00een Chi\u0219in\u0103u | Dealer oficial SONY \u00een Moldova","breadcrumb":{"@id":"https:\/\/sonycenter.md\/ro\/magazin\/sel16f28\/#breadcrumb"},"inLanguage":"ro-RO","potentialAction":[{"@type":"ReadAction","target":["https:\/\/sonycenter.md\/ro\/magazin\/sel16f28\/"]}]},{"@type":"ImageObject","inLanguage":"ro-RO","@id":"https:\/\/sonycenter.md\/ro\/magazin\/sel16f28\/#primaryimage","url":"https:\/\/sonycenter.md\/wp-content\/uploads\/2017\/04\/sel16f28-.jpg","contentUrl":"https:\/\/sonycenter.md\/wp-content\/uploads\/2017\/04\/sel16f28-.jpg","width":600,"height":600,"caption":"SEL16F28"},{"@type":"BreadcrumbList","@id":"https:\/\/sonycenter.md\/ro\/magazin\/sel16f28\/#breadcrumb","itemListElement":[{"@type":"ListItem","position":1,"name":"\u0413\u043b\u0430\u0432\u043d\u0430\u044f \u0441\u0442\u0440\u0430\u043d\u0438\u0446\u0430","item":"https:\/\/sonycenter.md\/ro\/"},{"@type":"ListItem","position":2,"name":"Magazin","item":"https:\/\/sonycenter.md\/shop\/"},{"@type":"ListItem","position":3,"name":"SEL16F28"}]},{"@type":"WebSite","@id":"https:\/\/sonycenter.md\/ro\/#website","url":"https:\/\/sonycenter.md\/ro\/","name":"sonycenter.md","description":"SONYCENTER \u00een Chi\u0219in\u0103u","publisher":{"@id":"https:\/\/sonycenter.md\/ro\/#organization"},"potentialAction":[{"@type":"SearchAction","target":{"@type":"EntryPoint","urlTemplate":"https:\/\/sonycenter.md\/ro\/?s={search_term_string}"},"query-input":{"@type":"PropertyValueSpecification","valueRequired":true,"valueName":"search_term_string"}}],"inLanguage":"ro-RO"},{"@type":"Organization","@id":"https:\/\/sonycenter.md\/ro\/#organization","name":"sonycenter.md","url":"https:\/\/sonycenter.md\/ro\/","logo":{"@type":"ImageObject","inLanguage":"ro-RO","@id":"https:\/\/sonycenter.md\/ro\/#\/schema\/logo\/image\/","url":"","contentUrl":"","caption":"sonycenter.md"},"image":{"@id":"https:\/\/sonycenter.md\/ro\/#\/schema\/logo\/image\/"}}]}},"_links":{"self":[{"href":"https:\/\/sonycenter.md\/ro\/wp-json\/wp\/v2\/product\/8849","targetHints":{"allow":["GET"]}}],"collection":[{"href":"https:\/\/sonycenter.md\/ro\/wp-json\/wp\/v2\/product"}],"about":[{"href":"https:\/\/sonycenter.md\/ro\/wp-json\/wp\/v2\/types\/product"}],"replies":[{"embeddable":true,"href":"https:\/\/sonycenter.md\/ro\/wp-json\/wp\/v2\/comments?post=8849"}],"wp:featuredmedia":[{"embeddable":true,"href":"https:\/\/sonycenter.md\/ro\/wp-json\/wp\/v2\/media\/32047"}],"wp:attachment":[{"href":"https:\/\/sonycenter.md\/ro\/wp-json\/wp\/v2\/media?parent=8849"}],"wp:term":[{"taxonomy":"product_brand","embeddable":true,"href":"https:\/\/sonycenter.md\/ro\/wp-json\/wp\/v2\/product_brand?post=8849"},{"taxonomy":"product_cat","embeddable":true,"href":"https:\/\/sonycenter.md\/ro\/wp-json\/wp\/v2\/product_cat?post=8849"},{"taxonomy":"product_tag","embeddable":true,"href":"https:\/\/sonycenter.md\/ro\/wp-json\/wp\/v2\/product_tag?post=8849"}],"curies":[{"name":"wp","href":"https:\/\/api.w.org\/{rel}","templated":true}]}}